{"id":5558,"date":"2023-10-12T17:14:38","date_gmt":"2023-10-12T17:14:38","guid":{"rendered":"https:\/\/aboca-site-2023.lotrek.net\/compania\/natural-garantat\/we-produce\/"},"modified":"2026-06-26T09:52:49","modified_gmt":"2026-06-26T09:52:49","slug":"producem","status":"publish","type":"page","link":"https:\/\/www.aboca.com\/ro\/compania\/natural-garantat\/producem\/","title":{"rendered":"Producem"},"content":{"rendered":"<div class=\"not-on-desktop\" style=\"padding-top:0; padding-bottom:0;\"><ul class=\"commonBreads__list \">\n            <li class=\"commonBreads__item text__body-breads\">\n            \n            <a   title=\"Home\"   role=\"none\" >Home<\/a>\n            \n                    <\/li>\n\n    <\/ul>\n<\/div>\n\n\n\n<div class=\"wp-block-kioken-rowlayout alignnone bust-out-none\"><div id=\"kt-layout-id_23687e-80\" class=\"kio-row-layout-inner  kt-layout-id_23687e-80\"><div class=\"kt-row-column-wrap kt-has-2-columns kt-gutter-default kt-row-valign-top kio-row-layout-equal kt-tab-layout-inherit kt-m-colapse-left-to-right kt-mobile-layout-row\">\n<div class=\"wp-block-kioken-column inner-column-1 kioken-column_d65476-2c\"><div class=\"kt-inside-inner-col\" style=\"background-blend-mode:normal\"><div>\n<h2 class=\"wp-block-heading has-custom-weight\" style=\"font-weight:300\">CALITATE LA FIECARE PAS<\/h2>\n\n\n\n<div style=\"height:20px\" aria-hidden=\"true\" class=\"wp-block-spacer\"><\/div>\n\n\n\n<p class=\"has-open-sans-font-family has-custom-font wp-block-paragraph\" style=\"font-family:Open Sans\">De pe c\u00e2mp p\u00e2n\u0103 la produsul finit, produc\u021bia noastr\u0103 este un efort constant pentru a r\u0103m\u00e2ne consecven\u021bi cu conceptul de naturalitate 100%, garant\u00e2nd \u00een acela\u0219i timp cea mai \u00eenalt\u0103 calitate \u00een fiecare etap\u0103 \u0219i excluz\u00e2nd utilizarea produselor de sintez\u0103 chimic\u0103, a OMG-urilor \u0219i a solven\u021bilor chimici din \u00eentregul lan\u021b de aprovizionare.<\/p>\n\n\n\n<div style=\"height:30px\" aria-hidden=\"true\" class=\"wp-block-spacer\"><\/div>\n<\/div><\/div><\/div>\n\n\n\n<div class=\"wp-block-kioken-column inner-column-2 kioken-column_e8d4e4-a1\"><div class=\"kt-inside-inner-col\" style=\"background-blend-mode:normal\"><div>\n<p class=\"wp-block-paragraph\"><\/p>\n\n\n\n<figure class=\"wp-block-embed is-type-video is-provider-vimeo wp-block-embed-vimeo wp-embed-aspect-16-9 wp-has-aspect-ratio\"><div class=\"wp-block-embed__wrapper\">\n<iframe loading=\"lazy\" title=\"FABBRICA 4.0_ROM_HD\" src=\"https:\/\/player.vimeo.com\/video\/880188998?dnt=1&amp;app_id=122963\" width=\"640\" height=\"360\" frameborder=\"0\" allow=\"autoplay; fullscreen; picture-in-picture; clipboard-write; encrypted-media; web-share\" referrerpolicy=\"strict-origin-when-cross-origin\"><\/iframe>\n<\/div><\/figure>\n<\/div><\/div><\/div>\n<\/div><\/div><\/div>\n\n\n\n<div class=\"wp-block-kioken-rowlayout alignnone bust-out-none\"><div id=\"kt-layout-id_1a0036-2e\" class=\"kio-row-layout-inner  kt-layout-id_1a0036-2e\"><div class=\"kt-row-column-wrap kt-has-2-columns kt-gutter-default kt-row-valign-top kio-row-layout-equal kt-tab-layout-inherit kt-m-colapse-left-to-right kt-mobile-layout-row\">\n<div class=\"wp-block-kioken-column inner-column-1 kioken-column_cca0df-f6\"><div class=\"kt-inside-inner-col\" style=\"background-blend-mode:normal\"><div>\n<h2 class=\"wp-block-heading has-open-sans-font-family has-custom-font has-custom-weight\" style=\"font-family:Open Sans;font-weight:300\">FAZA AGRICOL\u0102<\/h2>\n\n\n\n<div style=\"height:20px\" aria-hidden=\"true\" class=\"wp-block-spacer\"><\/div>\n\n\n\n<p class=\"wp-block-paragraph\">Faza agricol\u0103 este esen\u021bial\u0103 pentru a ob\u021bine <strong>principii active eficiente<\/strong> \u0219i pentru a asigura calitatea \u0219i standardizarea.<\/p>\n\n\n\n<p class=\"wp-block-paragraph\">Cultiv\u0103m \u00een mod direct peste <strong>95 de specii<\/strong> care reprezint\u0103 o component\u0103 esen\u021bial\u0103 a materiilor noastre prime. Pentru noi, agricultura este primul pas \u00een asigurarea s\u0103n\u0103t\u0103\u021bii tuturor fiin\u021belor vii. Am promovat \u00eentotdeauna o abordare modern\u0103 \u0219i industrial\u0103, dar \u00een acela\u0219i timp respectuoas\u0103 fa\u021b\u0103 de mediu.<\/p>\n\n\n\n<div style=\"height:30px\" aria-hidden=\"true\" class=\"wp-block-spacer\"><\/div>\n<\/div><\/div><\/div>\n\n\n\n<div class=\"wp-block-kioken-column inner-column-2 kioken-column_f24eaf-75\"><div class=\"kt-inside-inner-col\" style=\"background-blend-mode:normal\"><div>\n<p class=\"wp-block-paragraph\"><\/p>\n\n\n\n<figure class=\"wp-block-image size-full\"><img loading=\"lazy\" decoding=\"async\" width=\"1024\" height=\"683\" src=\"https:\/\/www.aboca.com\/wp-content\/uploads\/2023\/10\/fase-agricola-1024x683-1.jpg\" alt=\"\" class=\"wp-image-5196\" srcset=\"https:\/\/www.aboca.com\/wp-content\/uploads\/2023\/10\/fase-agricola-1024x683-1.jpg 1024w, https:\/\/www.aboca.com\/wp-content\/uploads\/2023\/10\/fase-agricola-1024x683-1-300x200.jpg 300w, https:\/\/www.aboca.com\/wp-content\/uploads\/2023\/10\/fase-agricola-1024x683-1-768x512.jpg 768w\" sizes=\"auto, (max-width: 1024px) 100vw, 1024px\" \/><\/figure>\n<\/div><\/div><\/div>\n<\/div><\/div><\/div>\n\n\n\n<div class=\"wp-block-kioken-rowlayout alignnone bust-out-none\"><div id=\"kt-layout-id_c076fd-af\" class=\"kio-row-layout-inner  kt-layout-id_c076fd-af\"><div class=\"kt-row-column-wrap kt-has-2-columns kt-gutter-widest kt-row-valign-top kio-row-layout-equal kt-tab-layout-inherit kt-m-colapse-left-to-right kt-mobile-layout-row\">\n<div class=\"wp-block-kioken-column inner-column-1 kioken-column_0c2e21-4e\"><div class=\"kt-inside-inner-col\" style=\"background-blend-mode:normal\"><div>\n<div id=\"kt-split-heading__9d25bd-d5\" class=\"wp-block-kioken-splitheading has-transition has-custom-size has-custom-font has-custom-weight\" style=\"font-family:Open Sans;font-weight:300;font-size:40px\" data-trans-effect=\"reveal\" data-trans-delay=\"0\" data-trans-rewind=\"false\" data-triggerhook=\"1\"><div class=\"headings_wrapper\"><div class=\"heading-line heading-0\"><h3 class=\"kt-heading-text\" style=\"font-weight:300;font-family:Open Sans;font-size:40px\">DINTOTDEAUNA ECOLOGICI<\/h3><\/div><\/div><\/div>\n<\/div><\/div><\/div>\n\n\n\n<div class=\"wp-block-kioken-column inner-column-2 kioken-column_0b18bf-28\"><div class=\"kt-inside-inner-col\" style=\"background-blend-mode:normal\"><div>\n<div style=\"height:40px\" aria-hidden=\"true\" class=\"wp-block-spacer\"><\/div>\n\n\n\n<p class=\"wp-block-paragraph\">\u00cenc\u0103 din 1978, cultiv\u0103m respect\u00e2nd \u00eendeaproape <strong>regulamentul european<\/strong> care&nbsp;exclude utilizarea \u00eengr\u0103\u0219\u0103mintelor, a produselor fitosanitare de sintez\u0103 chimic\u0103 \u0219i a OMG-urilor \u0219i care&nbsp;promoveaz\u0103&nbsp;practicile <strong>ecologice <\/strong>de selectare a speciilor rezistente la boli \u0219i de tehnici specifice de cultivare (rota\u021bia culturilor, \u00eengr\u0103\u0219\u0103minte verzi etc.).<\/p>\n\n\n\n<p class=\"wp-block-paragraph\">\u00cen culturile noastre agricole, respect\u0103m ritmurile \u0219i resursele naturale, reu\u0219ind \u00een acela\u0219i timp s\u0103 ob\u021binem cantitatea de materie prim\u0103 necesar\u0103 realiz\u0103rii produselor noastre.<\/p>\n\n\n\n<p class=\"wp-block-paragraph\">Nu intervenim for\u021bat asupra culturilor, ci men\u021binem cre\u0219terea lor fiziologic\u0103 prin \u00eengrijirea s\u0103n\u0103t\u0103\u021bii solurilor, astfel \u00eenc\u00e2t plantele s\u0103 aib\u0103 cele mai bune condi\u021bii de dezvoltare. \u00centreaga noastr\u0103 faz\u0103 agricol\u0103 respect\u0103 ghidurile <strong>Good Agricultural and Collection Practices<\/strong>, orient\u0103ri specifice pentru produc\u021bia de plante medicinale.<\/p>\n<\/div><\/div><\/div>\n<\/div><\/div><\/div>\n\n\n\n<div class=\"wp-block-kioken-rowlayout alignnone bust-out-none\"><div id=\"kt-layout-id_e9b3a0-9f\" class=\"kio-row-layout-inner  kt-layout-id_e9b3a0-9f\"><div class=\"kt-row-column-wrap kt-has-2-columns kt-gutter-widest kt-row-valign-top kio-row-layout-equal kt-tab-layout-inherit kt-m-colapse-left-to-right kt-mobile-layout-row\">\n<div class=\"wp-block-kioken-column inner-column-1 kioken-column_9c9479-6c\"><div class=\"kt-inside-inner-col\" style=\"background-blend-mode:normal\"><div>\n<div id=\"kt-split-heading__f75290-c9\" class=\"wp-block-kioken-splitheading has-transition has-custom-size has-custom-font has-custom-weight\" style=\"font-family:Open Sans;font-weight:300;font-size:40px\" data-trans-effect=\"reveal\" data-trans-delay=\"0\" data-trans-rewind=\"false\" data-triggerhook=\"1\"><div class=\"headings_wrapper\"><div class=\"heading-line heading-0\"><h3 class=\"kt-heading-text\" style=\"font-weight:300;font-family:Open Sans;font-size:40px\">MAI MULT\u0102 BIODIVERSITATE PENTRU BINELE PLANETEI<\/h3><\/div><\/div><\/div>\n<\/div><\/div><\/div>\n\n\n\n<div class=\"wp-block-kioken-column inner-column-2 kioken-column_0fc13c-73\"><div class=\"kt-inside-inner-col\" style=\"background-blend-mode:normal\"><div>\n<div style=\"height:40px\" aria-hidden=\"true\" class=\"wp-block-spacer\"><\/div>\n\n\n\n<p class=\"wp-block-paragraph\"><strong>Biodiversitatea <\/strong>este sursa de via\u021b\u0103 a naturii \u0219i este fundamental\u0103 pentru echilibrul \u00eentregului ecosistem \u0219i pentru s\u0103n\u0103tatea \u00eentregii Planete.<\/p>\n\n\n\n<p class=\"wp-block-paragraph\">Din acest motiv, sprijinirea \u0219i promovarea biodiversit\u0103\u021bii a fost dintotdeauna o prioritate pentru noi. Facem acest lucru, de exemplu, prin cultivarea unei mari variet\u0103\u021bi de specii de plante, \u00eentr-un num\u0103r cu mult mai mare dec\u00e2t \u00een cazul unei exploata\u021bii agricole normale sau al unui produc\u0103tor de plante medicinale.<\/p>\n\n\n\n<p class=\"wp-block-paragraph\">Acestora li se adaug\u0103 plantele s\u0103lbatice \u0219i invazive, a c\u0103ror prezen\u021b\u0103 este atent monitorizat\u0103 de agronomii \u0219i operatorii no\u0219tri, pentru a men\u021bine echilibrul ecologic al sistemului. Pe c\u00e2mpurile Aboca, unele zone sunt l\u0103sate necultivate \u0219i sunt planta\u021bi <strong>copaci \u0219i arbu\u0219ti<\/strong> la marginea culturilor, pentru a cre\u0219te biodiversitatea.<\/p>\n\n\n\n<p class=\"wp-block-paragraph\">Bog\u0103\u021bia \u0219i vitalitatea solurilor noastre sunt eviden\u021biate \u0219i de prezen\u021ba numeroas\u0103 a microorganismelor, insectelor \u0219i animalelor mici care tr\u0103iesc sub p\u0103m\u00e2nt sau \u00een cursurile de ap\u0103 care m\u0103rginesc culturile noastre.<\/p>\n\n\n\n<p class=\"wp-block-paragraph\">Microorganisme valoroase, cu roluri diferite \u00een p\u0103strarea stabilit\u0103\u021bii solului \u0219i \u00een promovarea fertilit\u0103\u021bii acestuia.<\/p>\n\n\n\n<p class=\"wp-block-paragraph\">Astfel, solul din care provine materia prim\u0103 pentru produsele noastre nu doar c\u0103 \u0219i-a men\u021binut biodiversitatea, ci s-a \u0219i \u00eembun\u0103t\u0103\u021bit de-a lungul timpului. O veste bun\u0103 pentru noi \u0219i pentru Planet\u0103, care ne-a adus cel mai mare scor pentru certificarea Biodiversity Alliance. Un sol viu este un sol fertil.<\/p>\n<\/div><\/div><\/div>\n<\/div><\/div><\/div>\n\n\n\n<div class=\"wp-block-kioken-rowlayout alignnone bust-out-none\"><div id=\"kt-layout-id_a43886-c7\" class=\"kio-row-layout-inner  kt-layout-id_a43886-c7\"><div class=\"kt-row-column-wrap kt-has-2-columns kt-gutter-widest kt-row-valign-top kio-row-layout-equal kt-tab-layout-inherit kt-m-colapse-left-to-right kt-mobile-layout-row\">\n<div class=\"wp-block-kioken-column inner-column-1 kioken-column_74f460-ad\"><div class=\"kt-inside-inner-col\" style=\"background-blend-mode:normal\"><div>\n<div id=\"kt-split-heading__c44dd2-4a\" class=\"wp-block-kioken-splitheading has-transition has-custom-size has-custom-font has-custom-weight has-custom-lineheight\" style=\"line-height:1.5;font-family:Open Sans;font-weight:300;font-size:40px\" data-trans-effect=\"reveal\" data-trans-delay=\"0\" data-trans-rewind=\"false\" data-triggerhook=\"1\"><div class=\"headings_wrapper\"><div class=\"heading-line heading-0\"><h3 class=\"kt-heading-text\" style=\"font-weight:300;font-family:Open Sans;font-size:40px\">COLEC\u021aIA NOASTR\u0102 BOTANIC\u0102<\/h3><\/div><\/div><\/div>\n<\/div><\/div><\/div>\n\n\n\n<div class=\"wp-block-kioken-column inner-column-2 kioken-column_5271b9-95\"><div class=\"kt-inside-inner-col\" style=\"background-blend-mode:normal\"><div>\n<div style=\"height:40px\" aria-hidden=\"true\" class=\"wp-block-spacer\"><\/div>\n\n\n\n<p class=\"wp-block-paragraph\">Avem o colec\u021bie botanic\u0103 permanent\u0103 cu peste 1&nbsp;000 de specii din \u00eentreaga lume, pentru a identifica \u0219i selecta materia prim\u0103 de cea mai bun\u0103 calitate. \u00cen acest mod, putem s\u0103 control\u0103m calitatea \u0219i s\u0103 inov\u0103m prin cercetarea continu\u0103 a unor specii noi.<\/p>\n<\/div><\/div><\/div>\n<\/div><\/div><\/div>\n\n\n\n<div class=\"wp-block-kioken-rowlayout alignnone bust-out-none\"><div id=\"kt-layout-id_c80273-b0\" class=\"kio-row-layout-inner  kt-layout-id_c80273-b0\"><div class=\"kt-row-column-wrap kt-has-2-columns kt-gutter-wider kt-row-valign-top kio-row-layout-equal kt-tab-layout-inherit kt-m-colapse-left-to-right kt-mobile-layout-row\">\n<div class=\"wp-block-kioken-column inner-column-1 kioken-column_e99789-cd\"><div class=\"kt-inside-inner-col\" style=\"background-blend-mode:normal\"><div>\n<div style=\"height:40px\" aria-hidden=\"true\" class=\"wp-block-spacer\"><\/div>\n\n\n\n<figure class=\"wp-block-image size-full\"><img loading=\"lazy\" decoding=\"async\" width=\"1024\" height=\"446\" src=\"https:\/\/www.aboca.com\/wp-content\/uploads\/2023\/10\/Produciamo.jpg\" alt=\"\" class=\"wp-image-3941\" srcset=\"https:\/\/www.aboca.com\/wp-content\/uploads\/2023\/10\/Produciamo.jpg 1024w, https:\/\/www.aboca.com\/wp-content\/uploads\/2023\/10\/Produciamo-300x131.jpg 300w, https:\/\/www.aboca.com\/wp-content\/uploads\/2023\/10\/Produciamo-768x335.jpg 768w\" sizes=\"auto, (max-width: 1024px) 100vw, 1024px\" \/><\/figure>\n<\/div><\/div><\/div>\n\n\n\n<div class=\"wp-block-kioken-column inner-column-2 kioken-column_8f470f-b8\"><div class=\"kt-inside-inner-col\" style=\"background-blend-mode:normal\"><div>\n<h2 class=\"wp-block-heading has-open-sans-font-family has-custom-font has-custom-weight\" style=\"font-family:Open Sans;font-weight:300\">FAZA FARMACEUTIC\u0102<\/h2>\n\n\n\n<p class=\"wp-block-paragraph\">Aceast\u0103 faz\u0103 ne permite s\u0103 ob\u021binem din materia prim\u0103 recoltat\u0103 \u00een culturile noastre ecologice <strong>complec\u0219ii moleculari naturali<\/strong> care stau la baza formulelor noastre, <strong>f\u0103r\u0103 a recurge la substan\u021be artificiale<\/strong>.<\/p>\n\n\n\n<p class=\"wp-block-paragraph\"><\/p>\n\n\n\n<p class=\"wp-block-paragraph\">Fabricile noastre sunt specializate \u00een manipularea substan\u021belor naturale pentru a ob\u021bine produse finite de <strong>calitate farmaceutic\u0103<\/strong>. \u00centregul proces este conceput cu aten\u021bie, \u00een conformitate cu principiile circularit\u0103\u021bii, protec\u021biei mediului \u0219i inov\u0103rii.<\/p>\n\n\n\n<div style=\"height:50px\" aria-hidden=\"true\" class=\"wp-block-spacer\"><\/div>\n<\/div><\/div><\/div>\n<\/div><\/div><\/div>\n\n\n\n<div class=\"wp-block-kioken-rowlayout alignnone bust-out-none\"><div id=\"kt-layout-id_89b5c3-ae\" class=\"kio-row-layout-inner  kt-layout-id_89b5c3-ae\"><div class=\"kt-row-column-wrap kt-has-2-columns kt-gutter-widest kt-row-valign-top kio-row-layout-equal kt-tab-layout-inherit kt-m-colapse-left-to-right kt-mobile-layout-row\">\n<div class=\"wp-block-kioken-column inner-column-1 kioken-column_c94b36-62\"><div class=\"kt-inside-inner-col\" style=\"background-blend-mode:normal\"><div>\n<div id=\"kt-split-heading__6c0f97-5e\" class=\"wp-block-kioken-splitheading has-transition has-custom-size has-custom-font has-custom-weight has-custom-lineheight\" style=\"line-height:1.5;font-family:Open Sans;font-weight:300;font-size:40px\" data-trans-effect=\"reveal\" data-trans-delay=\"0\" data-trans-rewind=\"false\" data-triggerhook=\"1\"><div class=\"headings_wrapper\"><div class=\"heading-line heading-0\"><h3 class=\"kt-heading-text\" style=\"font-weight:300;font-family:Open Sans;font-size:40px\">Unitatea de produc\u021bie agricol\u0103<\/h3><\/div><\/div><\/div>\n<\/div><\/div><\/div>\n\n\n\n<div class=\"wp-block-kioken-column inner-column-2 kioken-column_86d1bc-a4\"><div class=\"kt-inside-inner-col\" style=\"background-blend-mode:normal\"><div>\n<div style=\"height:40px\" aria-hidden=\"true\" class=\"wp-block-spacer\"><\/div>\n\n\n\n<p class=\"wp-block-paragraph\">Materia prim\u0103 proasp\u0103t recoltat\u0103 ajunge la centrul nostru agricol din Gricignano (Sansepolcro, Arezzo). Aceast\u0103 unitate de produc\u021bie a fost construit\u0103 prin valorificarea unei suprafe\u021be mari care fusese de mult timp dezafectat\u0103 \u0219i prin reutilizarea unei p\u0103r\u021bi din materialele inerte provenite din demolarea vechilor construc\u021bii. Aici, plantele recoltate sunt mai \u00eent\u00e2i selectate \u0219i apoi t\u0103iate. Apoi sunt uscate \u00een <strong>30 de cuptoare termoventilate<\/strong> la o temperatur\u0103 cuprins\u0103 \u00eentre 45 \u0219i 60 de grade. Procesul poate dura p\u00e2n\u0103 la 60 de ore.<\/p>\n<\/div><\/div><\/div>\n<\/div><\/div><\/div>\n\n\n\n<div class=\"wp-block-kioken-rowlayout alignnone bust-out-none\"><div id=\"kt-layout-id_d9a31a-0f\" class=\"kio-row-layout-inner  kt-layout-id_d9a31a-0f\"><div class=\"kt-row-column-wrap kt-has-2-columns kt-gutter-widest kt-row-valign-top kio-row-layout-equal kt-tab-layout-inherit kt-m-colapse-left-to-right kt-mobile-layout-row\">\n<div class=\"wp-block-kioken-column inner-column-1 kioken-column_471aa0-e8\"><div class=\"kt-inside-inner-col\" style=\"background-blend-mode:normal\"><div>\n<div id=\"kt-split-heading__3a65bd-af\" class=\"wp-block-kioken-splitheading has-transition has-custom-size has-custom-font has-custom-weight has-custom-lineheight\" style=\"line-height:1.5;font-family:Open Sans;font-weight:300;font-size:40px\" data-trans-effect=\"reveal\" data-trans-delay=\"0\" data-trans-rewind=\"false\" data-triggerhook=\"1\"><div class=\"headings_wrapper\"><div class=\"heading-line heading-0\"><h3 class=\"kt-heading-text\" style=\"font-weight:300;font-family:Open Sans;font-size:40px\">Fabrica 4.0 din Pistrino<\/h3><\/div><\/div><\/div>\n<\/div><\/div><\/div>\n\n\n\n<div class=\"wp-block-kioken-column inner-column-2 kioken-column_e1b69b-cd\"><div class=\"kt-inside-inner-col\" style=\"background-blend-mode:normal\"><div>\n<div style=\"height:40px\" aria-hidden=\"true\" class=\"wp-block-spacer\"><\/div>\n\n\n\n<p class=\"wp-block-paragraph\">Prelucrarea continu\u0103 apoi la c\u00e2\u021biva kilometri distan\u021b\u0103, \u00een Fabrica 4.0 din Pistrino (Citerna, Perugia).<\/p>\n\n\n\n<p class=\"wp-block-paragraph\">Unitatea de produc\u021bie este alc\u0103tuit\u0103 din mai multe cl\u0103diri care se \u00eentind pe o suprafa\u021b\u0103 total\u0103 de aproximativ <strong>40&nbsp;000 de metri p\u0103tra\u021bi<\/strong>, dintre care o mare parte sunt zone de produc\u021bie construite <strong>conform standardelor cGMP privind medicamentele.<\/strong><\/p>\n\n\n\n<p class=\"wp-block-paragraph\">Aici, totul este g\u00e2ndit pentru a asigura cea mai \u00eenalt\u0103 calitate \u0219i standardizare la fiecare etap\u0103, prin niveluri ridicate de automatizare, programe <strong>software inteligente<\/strong> de gestionare a produc\u021biei \u0219i control constant din partea operatorilor.<\/p>\n\n\n\n<p class=\"wp-block-paragraph\">\u00cen incinta unit\u0103\u021bii de produc\u021bie se afl\u0103 una dintre <strong>cele mai mari instala\u021bii de extrac\u021bie de calitate farmaceutic\u0103 din lume<\/strong>, dedicat\u0103 substan\u021belor naturale.<\/p>\n\n\n\n<p class=\"wp-block-paragraph\">Procesul de extrac\u021bie se bazeaz\u0103 pe <strong>tehnologii avansate<\/strong>, f\u0103r\u0103 utilizarea de solven\u021bi organici, ci doar pe amestecuri de ap\u0103 \u0219i alcool \u0219i tehnici avansate de separare fizic\u0103, cum ar fi ultrafiltrarea.<\/p>\n\n\n\n<p class=\"wp-block-paragraph\">Fiecare faz\u0103 este monitorizat\u0103 constant. Datele sunt \u00eenregistrate \u00eentr-un <strong>sistem central de prelucrare<\/strong> pentru a asigura trasabilitatea complet\u0103 a proceselor \u0219i produselor. Astfel, putem verifica \u0219i identifica fiecare ac\u021biune efectuat\u0103, chiar \u0219i \u00een mod retroactiv.<\/p>\n\n\n\n<p class=\"wp-block-paragraph\">Producem diferite forme farmaceutice, fiecare \u00eentr-un mediu specific: comprimate, capsule, granule, unguente, geluri, siropuri, sprayuri, pic\u0103turi, microclisme \u0219i ceaiuri din plante. Unitatea noastr\u0103 de produc\u021bie din Pistrino, precum \u0219i sediul central Aboca, sunt caracterizate de un sistem de management de mediu certificat ISO 14001.<\/p>\n<\/div><\/div><\/div>\n<\/div><\/div><\/div>\n\n\n\n<div class=\"wp-block-kioken-rowlayout alignnone bust-out-none\"><div id=\"kt-layout-id_63e54a-ae\" class=\"kio-row-layout-inner  kt-layout-id_63e54a-ae\"><div class=\"kt-row-column-wrap kt-has-2-columns kt-gutter-widest kt-row-valign-top kio-row-layout-equal kt-tab-layout-inherit kt-m-colapse-left-to-right kt-mobile-layout-row\">\n<div class=\"wp-block-kioken-column inner-column-1 kioken-column_973e40-a2\"><div class=\"kt-inside-inner-col\" style=\"background-blend-mode:normal\"><div>\n<div id=\"kt-split-heading__9d42b2-05\" class=\"wp-block-kioken-splitheading has-transition has-custom-size has-custom-font has-custom-weight has-custom-lineheight\" style=\"line-height:1.5;font-family:Open Sans;font-weight:300;font-size:40px\" data-trans-effect=\"reveal\" data-trans-delay=\"0\" data-trans-rewind=\"false\" data-triggerhook=\"1\"><div class=\"headings_wrapper\"><div class=\"heading-line heading-0\"><h3 class=\"kt-heading-text\" style=\"font-weight:300;font-family:Open Sans;font-size:40px\">Revitaliz\u0103m energia utilizat\u0103 pentru a proteja Planeta<\/h3><\/div><\/div><\/div>\n<\/div><\/div><\/div>\n\n\n\n<div class=\"wp-block-kioken-column inner-column-2 kioken-column_976dd1-92\"><div class=\"kt-inside-inner-col\" style=\"background-blend-mode:normal\"><div>\n<div style=\"height:40px\" aria-hidden=\"true\" class=\"wp-block-spacer\"><\/div>\n\n\n\n<p class=\"wp-block-paragraph\">\u00centotdeauna am acordat o aten\u021bie deosebit\u0103 utiliz\u0103rii <strong>surselor de energie regenerabile \u0219i cu impact redus<\/strong> pentru activit\u0103\u021bile noastre de produc\u021bie.<\/p>\n\n\n\n<p class=\"wp-block-paragraph\">\u00cen prezent, 95&nbsp;% din energia electric\u0103 pe care o folosim este produs\u0103 din surse regenerabile. Obiectivul nostru este s\u0103 atingem 100&nbsp;%.<\/p>\n<\/div><\/div><\/div>\n<\/div><\/div><\/div>\n\n\n\n<div class=\"wp-block-kioken-rowlayout alignnone bust-out-none\"><div id=\"kt-layout-id_6512d8-fe\" class=\"kio-row-layout-inner  kt-layout-id_6512d8-fe\"><div class=\"kt-row-column-wrap kt-has-2-columns kt-gutter-widest kt-row-valign-top kio-row-layout-equal kt-tab-layout-inherit kt-m-colapse-left-to-right kt-mobile-layout-row\">\n<div class=\"wp-block-kioken-column inner-column-1 kioken-column_f897cb-ee\"><div class=\"kt-inside-inner-col\" style=\"background-blend-mode:normal\"><div>\n<div id=\"kt-split-heading__792ff7-99\" class=\"wp-block-kioken-splitheading has-transition has-custom-size has-custom-font has-custom-weight has-custom-lineheight\" style=\"line-height:1.5;font-family:Open Sans;font-weight:300;font-size:40px\" data-trans-effect=\"reveal\" data-trans-delay=\"0\" data-trans-rewind=\"false\" data-triggerhook=\"1\"><div class=\"headings_wrapper\"><div class=\"heading-line heading-0\"><h3 class=\"kt-heading-text\" style=\"font-weight:300;font-family:Open Sans;font-size:40px\">Un viitor mai curat cu mai pu\u021bini detergen\u021bi<\/h3><\/div><\/div><\/div>\n<\/div><\/div><\/div>\n\n\n\n<div class=\"wp-block-kioken-column inner-column-2 kioken-column_8a9f1f-e6\"><div class=\"kt-inside-inner-col\" style=\"background-blend-mode:normal\"><div>\n<div style=\"height:40px\" aria-hidden=\"true\" class=\"wp-block-spacer\"><\/div>\n\n\n\n<p class=\"wp-block-paragraph\">Datorit\u0103 unei inova\u021bii \u00een <strong>sistemul nostru de sp\u0103lare a utilajelor \u0219i butoaielor de o\u021bel<\/strong> folosite \u00een faza de produc\u021bie, am reu\u0219it s\u0103 reducem la minimum utilizarea de detergen\u021bi \u00een unitatea noastr\u0103. Optimizarea ne ajut\u0103 s\u0103 reducem consumul anual de detergen\u021bi cu aproximativ 2 tone.<\/p>\n<\/div><\/div><\/div>\n<\/div><\/div><\/div>\n\n\n\n<div class=\"wp-block-kioken-rowlayout alignnone bust-out-none\"><div id=\"kt-layout-id_326855-0d\" class=\"kio-row-layout-inner  kt-layout-id_326855-0d\"><div class=\"kt-row-column-wrap kt-has-2-columns kt-gutter-widest kt-row-valign-top kio-row-layout-equal kt-tab-layout-inherit kt-m-colapse-left-to-right kt-mobile-layout-row\">\n<div class=\"wp-block-kioken-column inner-column-1 kioken-column_ba95ce-74\"><div class=\"kt-inside-inner-col\" style=\"background-blend-mode:normal\"><div>\n<div id=\"kt-split-heading__7ab7e8-3a\" class=\"wp-block-kioken-splitheading has-transition has-custom-size has-custom-font has-custom-weight has-custom-lineheight\" style=\"line-height:1.5;font-family:Open Sans;font-weight:300;font-size:40px\" data-trans-effect=\"reveal\" data-trans-delay=\"0\" data-trans-rewind=\"false\" data-triggerhook=\"1\"><div class=\"headings_wrapper\"><div class=\"heading-line heading-0\"><h3 class=\"kt-heading-text\" style=\"font-weight:300;font-family:Open Sans;font-size:40px\">100\u00a0% din h\u00e2rtia utilizat\u0103 este certificat\u0103 FSC<\/h3><\/div><\/div><\/div>\n<\/div><\/div><\/div>\n\n\n\n<div class=\"wp-block-kioken-column inner-column-2 kioken-column_84b5ec-a9\"><div class=\"kt-inside-inner-col\" style=\"background-blend-mode:normal\"><div>\n<div style=\"height:40px\" aria-hidden=\"true\" class=\"wp-block-spacer\"><\/div>\n\n\n\n<p class=\"wp-block-paragraph\">\u00centreaga re\u021bea de aprovizionare pentru ambalajele produselor Aboca este certificat\u0103 FSC.<\/p>\n\n\n\n<p class=\"wp-block-paragraph\">Certificarea FSC garanteaz\u0103 c\u0103 h\u00e2rtia folosit\u0103 pentru ambalajele noastre este fabricat\u0103 cu <strong>respect pentru mediu, biodiversitate, drepturile lucr\u0103torilor \u0219i comunit\u0103\u021bile locale<\/strong>. Totul face parte dintr-un concept mai larg de sustenabilitate: h\u00e2rtia certificat\u0103 FSC este produs\u0103 f\u0103r\u0103 a distruge p\u0103duri primare \u0219i f\u0103r\u0103 a prejudicia comunit\u0103\u021bi autohtone sau echilibrul ecologic.<\/p>\n<\/div><\/div><\/div>\n<\/div><\/div><\/div>\n","protected":false},"excerpt":{"rendered":"","protected":false},"author":4,"featured_media":4990,"parent":4169,"menu_order":0,"comment_status":"closed","ping_status":"closed","template":"templates\/dynamic-institutional-level1.php","meta":{"_acf_changed":false,"inline_featured_image":false,"kk_blocks_editor_width":"","_kiokenblocks_attr":"Open Sans,Open Sans","_kiokenblocks_dimensions":"","footnotes":""},"class_list":["post-5558","page","type-page","status-publish","has-post-thumbnail","hentry"],"acf":[],"yoast_head":"<!-- This site is optimized with the Yoast SEO plugin v28.1 - https:\/\/yoast.com\/product\/yoast-seo-wordpress\/ -->\n<title>Producem - Aboca<\/title>\n<meta name=\"robots\" content=\"index, follow, max-snippet:-1, max-image-preview:large, max-video-preview:-1\" \/>\n<link rel=\"canonical\" href=\"https:\/\/www.aboca.com\/ro\/compania\/natural-garantat\/producem\/\" \/>\n<meta property=\"og:locale\" content=\"ro_RO\" \/>\n<meta property=\"og:type\" content=\"article\" \/>\n<meta property=\"og:title\" content=\"Producem - Aboca\" \/>\n<meta property=\"og:url\" content=\"https:\/\/www.aboca.com\/ro\/compania\/natural-garantat\/producem\/\" \/>\n<meta property=\"og:site_name\" content=\"Aboca\" \/>\n<meta property=\"article:modified_time\" content=\"2026-06-26T09:52:49+00:00\" \/>\n<meta property=\"og:image\" content=\"https:\/\/www.aboca.com\/wp-content\/uploads\/2023\/10\/Produciamo-1.jpg\" \/>\n\t<meta property=\"og:image:width\" content=\"1918\" \/>\n\t<meta property=\"og:image:height\" content=\"775\" \/>\n\t<meta property=\"og:image:type\" content=\"image\/jpeg\" \/>\n<meta name=\"twitter:card\" content=\"summary_large_image\" \/>\n<meta name=\"twitter:label1\" content=\"Timp estimat pentru citire\" \/>\n\t<meta name=\"twitter:data1\" content=\"7 minutes\" \/>\n<script type=\"application\/ld+json\" class=\"yoast-schema-graph\">{\"@context\":\"https:\\\/\\\/schema.org\",\"@graph\":[{\"@type\":\"WebPage\",\"@id\":\"https:\\\/\\\/www.aboca.com\\\/ro\\\/compania\\\/natural-garantat\\\/producem\\\/\",\"url\":\"https:\\\/\\\/www.aboca.com\\\/ro\\\/compania\\\/natural-garantat\\\/producem\\\/\",\"name\":\"Producem - Aboca\",\"isPartOf\":{\"@id\":\"https:\\\/\\\/www.aboca.com\\\/ro\\\/#website\"},\"primaryImageOfPage\":{\"@id\":\"https:\\\/\\\/www.aboca.com\\\/ro\\\/compania\\\/natural-garantat\\\/producem\\\/#primaryimage\"},\"image\":{\"@id\":\"https:\\\/\\\/www.aboca.com\\\/ro\\\/compania\\\/natural-garantat\\\/producem\\\/#primaryimage\"},\"thumbnailUrl\":\"https:\\\/\\\/www.aboca.com\\\/wp-content\\\/uploads\\\/2023\\\/10\\\/Produciamo-1.jpg\",\"datePublished\":\"2023-10-12T17:14:38+00:00\",\"dateModified\":\"2026-06-26T09:52:49+00:00\",\"breadcrumb\":{\"@id\":\"https:\\\/\\\/www.aboca.com\\\/ro\\\/compania\\\/natural-garantat\\\/producem\\\/#breadcrumb\"},\"inLanguage\":\"ro-RO\",\"potentialAction\":[{\"@type\":\"ReadAction\",\"target\":[\"https:\\\/\\\/www.aboca.com\\\/ro\\\/compania\\\/natural-garantat\\\/producem\\\/\"]}]},{\"@type\":\"ImageObject\",\"inLanguage\":\"ro-RO\",\"@id\":\"https:\\\/\\\/www.aboca.com\\\/ro\\\/compania\\\/natural-garantat\\\/producem\\\/#primaryimage\",\"url\":\"https:\\\/\\\/www.aboca.com\\\/wp-content\\\/uploads\\\/2023\\\/10\\\/Produciamo-1.jpg\",\"contentUrl\":\"https:\\\/\\\/www.aboca.com\\\/wp-content\\\/uploads\\\/2023\\\/10\\\/Produciamo-1.jpg\",\"width\":1918,\"height\":775,\"caption\":\"Produciamo-1\"},{\"@type\":\"BreadcrumbList\",\"@id\":\"https:\\\/\\\/www.aboca.com\\\/ro\\\/compania\\\/natural-garantat\\\/producem\\\/#breadcrumb\",\"itemListElement\":[{\"@type\":\"ListItem\",\"position\":1,\"name\":\"Home\",\"item\":\"https:\\\/\\\/www.aboca.com\\\/ro\\\/\"},{\"@type\":\"ListItem\",\"position\":2,\"name\":\"Compania\",\"item\":\"https:\\\/\\\/www.aboca.com\\\/ro\\\/compania\\\/\"},{\"@type\":\"ListItem\",\"position\":3,\"name\":\"Natural garantat\",\"item\":\"https:\\\/\\\/www.aboca.com\\\/ro\\\/compania\\\/natural-garantat\\\/\"},{\"@type\":\"ListItem\",\"position\":4,\"name\":\"Producem\"}]},{\"@type\":\"WebSite\",\"@id\":\"https:\\\/\\\/www.aboca.com\\\/ro\\\/#website\",\"url\":\"https:\\\/\\\/www.aboca.com\\\/ro\\\/\",\"name\":\"Aboca\",\"description\":\"\",\"potentialAction\":[{\"@type\":\"SearchAction\",\"target\":{\"@type\":\"EntryPoint\",\"urlTemplate\":\"https:\\\/\\\/www.aboca.com\\\/ro\\\/?s={search_term_string}\"},\"query-input\":{\"@type\":\"PropertyValueSpecification\",\"valueRequired\":true,\"valueName\":\"search_term_string\"}}],\"inLanguage\":\"ro-RO\"}]}<\/script>\n<!-- \/ Yoast SEO plugin. -->","yoast_head_json":{"title":"Producem - Aboca","robots":{"index":"index","follow":"follow","max-snippet":"max-snippet:-1","max-image-preview":"max-image-preview:large","max-video-preview":"max-video-preview:-1"},"canonical":"https:\/\/www.aboca.com\/ro\/compania\/natural-garantat\/producem\/","og_locale":"ro_RO","og_type":"article","og_title":"Producem - Aboca","og_url":"https:\/\/www.aboca.com\/ro\/compania\/natural-garantat\/producem\/","og_site_name":"Aboca","article_modified_time":"2026-06-26T09:52:49+00:00","og_image":[{"width":1918,"height":775,"url":"https:\/\/www.aboca.com\/wp-content\/uploads\/2023\/10\/Produciamo-1.jpg","type":"image\/jpeg"}],"twitter_card":"summary_large_image","twitter_misc":{"Timp estimat pentru citire":"7 minutes"},"schema":{"@context":"https:\/\/schema.org","@graph":[{"@type":"WebPage","@id":"https:\/\/www.aboca.com\/ro\/compania\/natural-garantat\/producem\/","url":"https:\/\/www.aboca.com\/ro\/compania\/natural-garantat\/producem\/","name":"Producem - Aboca","isPartOf":{"@id":"https:\/\/www.aboca.com\/ro\/#website"},"primaryImageOfPage":{"@id":"https:\/\/www.aboca.com\/ro\/compania\/natural-garantat\/producem\/#primaryimage"},"image":{"@id":"https:\/\/www.aboca.com\/ro\/compania\/natural-garantat\/producem\/#primaryimage"},"thumbnailUrl":"https:\/\/www.aboca.com\/wp-content\/uploads\/2023\/10\/Produciamo-1.jpg","datePublished":"2023-10-12T17:14:38+00:00","dateModified":"2026-06-26T09:52:49+00:00","breadcrumb":{"@id":"https:\/\/www.aboca.com\/ro\/compania\/natural-garantat\/producem\/#breadcrumb"},"inLanguage":"ro-RO","potentialAction":[{"@type":"ReadAction","target":["https:\/\/www.aboca.com\/ro\/compania\/natural-garantat\/producem\/"]}]},{"@type":"ImageObject","inLanguage":"ro-RO","@id":"https:\/\/www.aboca.com\/ro\/compania\/natural-garantat\/producem\/#primaryimage","url":"https:\/\/www.aboca.com\/wp-content\/uploads\/2023\/10\/Produciamo-1.jpg","contentUrl":"https:\/\/www.aboca.com\/wp-content\/uploads\/2023\/10\/Produciamo-1.jpg","width":1918,"height":775,"caption":"Produciamo-1"},{"@type":"BreadcrumbList","@id":"https:\/\/www.aboca.com\/ro\/compania\/natural-garantat\/producem\/#breadcrumb","itemListElement":[{"@type":"ListItem","position":1,"name":"Home","item":"https:\/\/www.aboca.com\/ro\/"},{"@type":"ListItem","position":2,"name":"Compania","item":"https:\/\/www.aboca.com\/ro\/compania\/"},{"@type":"ListItem","position":3,"name":"Natural garantat","item":"https:\/\/www.aboca.com\/ro\/compania\/natural-garantat\/"},{"@type":"ListItem","position":4,"name":"Producem"}]},{"@type":"WebSite","@id":"https:\/\/www.aboca.com\/ro\/#website","url":"https:\/\/www.aboca.com\/ro\/","name":"Aboca","description":"","potentialAction":[{"@type":"SearchAction","target":{"@type":"EntryPoint","urlTemplate":"https:\/\/www.aboca.com\/ro\/?s={search_term_string}"},"query-input":{"@type":"PropertyValueSpecification","valueRequired":true,"valueName":"search_term_string"}}],"inLanguage":"ro-RO"}]}},"_links":{"self":[{"href":"https:\/\/www.aboca.com\/ro\/wp-json\/wp\/v2\/pages\/5558","targetHints":{"allow":["GET"]}}],"collection":[{"href":"https:\/\/www.aboca.com\/ro\/wp-json\/wp\/v2\/pages"}],"about":[{"href":"https:\/\/www.aboca.com\/ro\/wp-json\/wp\/v2\/types\/page"}],"author":[{"embeddable":true,"href":"https:\/\/www.aboca.com\/ro\/wp-json\/wp\/v2\/users\/4"}],"replies":[{"embeddable":true,"href":"https:\/\/www.aboca.com\/ro\/wp-json\/wp\/v2\/comments?post=5558"}],"version-history":[{"count":18,"href":"https:\/\/www.aboca.com\/ro\/wp-json\/wp\/v2\/pages\/5558\/revisions"}],"predecessor-version":[{"id":132241,"href":"https:\/\/www.aboca.com\/ro\/wp-json\/wp\/v2\/pages\/5558\/revisions\/132241"}],"up":[{"embeddable":true,"href":"https:\/\/www.aboca.com\/ro\/wp-json\/wp\/v2\/pages\/4169"}],"wp:featuredmedia":[{"embeddable":true,"href":"https:\/\/www.aboca.com\/ro\/wp-json\/wp\/v2\/media\/4990"}],"wp:attachment":[{"href":"https:\/\/www.aboca.com\/ro\/wp-json\/wp\/v2\/media?parent=5558"}],"curies":[{"name":"wp","href":"https:\/\/api.w.org\/{rel}","templated":true}]}}