{"id":39136,"date":"2023-10-27T13:13:40","date_gmt":"2023-10-27T13:13:40","guid":{"rendered":"https:\/\/aboca-site-2023.lotrek.net\/privacy-policy-2\/"},"modified":"2023-10-27T15:02:12","modified_gmt":"2023-10-27T15:02:12","slug":"politica-de-privacidade","status":"publish","type":"page","link":"https:\/\/www.aboca.com\/pt-pt\/politica-de-privacidade\/","title":{"rendered":"Pol\u00edtica de privacidade"},"content":{"rendered":"<div class=\"not-on-desktop\" style=\"padding-top:0; padding-bottom:0;\"><ul class=\"commonBreads__list \">\n            <li class=\"commonBreads__item text__body-breads\">\n            \n            <a   title=\"Home\"   role=\"none\" >Home<\/a>\n            \n                    <\/li>\n\n    <\/ul>\n<\/div>\n\n\n\n<p class=\"wp-block-paragraph\"><strong>Informa\u00e7\u00f5es em mat\u00e9ria de prote\u00e7\u00e3o dos dados pessoais.<br>Art. 13.\u00ba Reg. UE 679 de 27 de abril de 2016<\/strong><\/p>\n\n\n\n<p class=\"wp-block-paragraph\">Nos termos do artigo 13.\u00ba do \u201cRegulamento Europeu 2016\/679 relativo \u00e0 prote\u00e7\u00e3o das pessoas singulares relativamente ao Tratamento dos Dados Pessoais, bem como \u00e0 livre circula\u00e7\u00e3o desses dados\u201d (de ora em diante, \u201cRGPD\u201d), a ABOCA S.p.A. Societ\u00e0 Agricola (de ora em diante ABOCA) com sede em Loc. Aboca 20, Sansepolcro 52037 (AR) \u2013 Arezzo It\u00e1lia, na qualidade de Respons\u00e1vel pelo Tratamento, compromete-se a fornecer aos utilizadores que acederem ao dom\u00ednio www.aboca.com (independentemente dos objetivos da liga\u00e7\u00e3o) algumas informa\u00e7\u00f5es relativas ao tratamento dos dados pessoais efetuado no mesmo.<br>O presente documento constitui a \u201cPol\u00edtica de Privacidade\u201d (sujeita no futuro \u00e0s atualiza\u00e7\u00f5es necess\u00e1rias) deste site. Para os fins do presente documento, salvaguardando as defini\u00e7\u00f5es constantes do art. 4.\u00ba do RGPD, entende-se por:<\/p>\n\n\n\n<p class=\"wp-block-paragraph\"><strong>Dom\u00ednio aboca.com<\/strong>:&nbsp;o dom\u00ednio, acess\u00edvel atrav\u00e9s do servi\u00e7o world wide web da rede internet, no endere\u00e7o https:\/\/www.aboca.com, constitu\u00eddo pelos dados, aplica\u00e7\u00f5es, recursos tecnol\u00f3gicos, recursos humanos, regras organizativas e procedimentos destinados \u00e0 aquisi\u00e7\u00e3o, memoriza\u00e7\u00e3o, elabora\u00e7\u00e3o, troca, pesquisa e transmiss\u00e3o de informa\u00e7\u00f5es.<\/p>\n\n\n\n<p class=\"wp-block-paragraph\"><strong>Pontos de recolha<\/strong>:&nbsp;\u00e1reas presentes dentro do dom\u00ednio aboca.com destinadas \u00e0 recolha de dados pessoais.<\/p>\n\n\n\n<p class=\"wp-block-paragraph\"><strong>I. Avisos e prote\u00e7\u00e3o de menores<\/strong><br>O tratamento dos dados pessoais aplicar\u00e1 princ\u00edpios de legalidade, corre\u00e7\u00e3o e transpar\u00eancia. Os dados pessoais ser\u00e3o recolhidos para finalidades determinadas, expl\u00edcitas, leg\u00edtimas (limita\u00e7\u00e3o das finalidades) e ser\u00e3o adequados, pertinentes e limitados \u00e0s finalidades para as quais s\u00e3o tratados (minimiza\u00e7\u00e3o dos dados). Ser\u00e3o sempre atualizados e exatos e ser\u00e3o conservados por um per\u00edodo de tempo n\u00e3o superior ao necess\u00e1rio para as finalidades estipuladas no Contrato, excetuando obriga\u00e7\u00f5es legais e fiscais que estabele\u00e7am tempos mais longos de conserva\u00e7\u00e3o (limita\u00e7\u00e3o da conserva\u00e7\u00e3o). Os dados pessoais ser\u00e3o tratados adotando todas as medidas de seguran\u00e7a adequadas para garantir a sua integridade, privacidade e indisponibilidade perante terceiros n\u00e3o autorizados (integridade e privacidade). Caso n\u00e3o seja expressamente indicado, o fornecimento dos dados pessoais atrav\u00e9s dos pontos de recolha presentes no site&nbsp;www.aboca.com&nbsp;\u00e9 reservado a indiv\u00edduos com mais de 18 anos de idade.<\/p>\n\n\n\n<p class=\"wp-block-paragraph\"><strong>II. Normas de refer\u00eancia e fundamento jur\u00eddico do tratamento.<\/strong><br>As opera\u00e7\u00f5es de tratamento, que ilustraremos em detalhe em seguida, t\u00eam fundamento jur\u00eddico nas normas que regulam o seu direito \u00e0 prote\u00e7\u00e3o dos seus dados pessoais, o seu direito \u00e0 privacidade e, por fim, as que lhe permitem exprimir ou revogar, a qualquer momento, o seu consentimento informado \u00e0s opera\u00e7\u00f5es de tratamento, ou seja:<\/p>\n\n\n\n<ul class=\"wp-block-list\">\n<li>O Regulamento Geral UE 679 de 27 de abril de 2016 relativo \u00e0 prote\u00e7\u00e3o das pessoas singulares, relativo ao tratamento dos dados pessoais, bem como \u00e0 livre circula\u00e7\u00e3o desses dados;<\/li>\n\n\n\n<li>O seu consentimento informado, manifestado em conformidade com as disposi\u00e7\u00f5es legais em vigor em mat\u00e9ria de prote\u00e7\u00e3o dos dados pessoais (Art. 6.\u00ba do RGPD).<\/li>\n\n\n\n<li>O cumprimento de obriga\u00e7\u00f5es contratuais assumidas pela ABOCA a seu favor no momento da sua ades\u00e3o ao servi\u00e7o (Art. 6.\u00ba do RGPD);<\/li>\n\n\n\n<li>Cumprimento de obriga\u00e7\u00f5es ou ordens por parte do Respons\u00e1vel pelo Tratamento em cumprimento da lei ou de ordens da Autoridade (Art. 6.\u00ba do RGPD).<\/li>\n<\/ul>\n\n\n\n<p class=\"wp-block-paragraph\"><strong>III. \u2013 Natureza dos dados objeto de tratamento.<\/strong><br><strong>III.1.<\/strong>&nbsp;\u2013&nbsp;O envio facultativo, expl\u00edcito e volunt\u00e1rio de correio eletr\u00f3nico aos endere\u00e7os indicados neste site implica a posterior aquisi\u00e7\u00e3o do endere\u00e7o do remetente, necess\u00e1rio para responder aos pedidos, bem como eventuais outros dados pessoais inseridos na missiva. Informa\u00e7\u00f5es espec\u00edficas de s\u00edntese ser\u00e3o progressivamente apresentada sou visualizadas nas p\u00e1ginas do site destinadas a servi\u00e7os especiais a pedido. De qualquer forma \u2013 se previsto na lei \u2013 ser-lhe-\u00e1 pedido conforme o caso o seu consentimento para o tratamento dos seus dados pessoais.<br><strong>III.2.<\/strong>&nbsp;\u2013&nbsp;Apenas ap\u00f3s o seu consentimento, se necess\u00e1rio, ser\u00e3o ou poder\u00e3o ser objeto de tratamento, para as finalidades indicadas, as seguintes categorias de dados pessoais.<br><strong>(a). \u2013 Dados pessoais comuns, dados de identifica\u00e7\u00e3o.<\/strong><br>Como por exemplo, nome e apelido, ano de nascimento, morada, cidade, prov\u00edncia, endere\u00e7o de correio eletr\u00f3nico, n\u00famero de telefone, c\u00f3digo postal, links para os perfis das seguintes redes sociais: Facebook, Instagram e Twitter.<br><strong>(b). Tratamentos t\u00e9cnicos.<\/strong>&nbsp;Constituem igualmente objeto de tratamento o n\u00famero IP e o tipo de browser utilizado para a liga\u00e7\u00e3o ao dom\u00ednio aboca.com (dados n\u00e3o identificativos), registados automaticamente pelos dispositivos l\u00f3gicos de prote\u00e7\u00e3o e de controlo dos acessos ao dom\u00ednio (LOG FILES). Esses dados pessoais ser\u00e3o utilizados exclusivamente para fins de controlo do tr\u00e1fego de rede no dom\u00ednio aboca.com.<br>Trata-se de informa\u00e7\u00f5es que n\u00e3o s\u00e3o recolhidas para serem associadas aos interessados identificados, mas que pela sua natureza podem, atrav\u00e9s de elabora\u00e7\u00f5es e associa\u00e7\u00f5es com dados detidos por terceiros, permitir identificar os utilizadores. Estes dados s\u00e3o utilizados com o \u00fanico fim de obter informa\u00e7\u00f5es estat\u00edsticas an\u00f3nimas sobre o uso do site e para controlar o seu correto funcionamento e s\u00e3o eliminados imediatamente ap\u00f3s a elabora\u00e7\u00e3o. Os dados podem ser utilizados para o apuramento de responsabilidades em caso de hipot\u00e9ticos crimes inform\u00e1ticos em preju\u00edzo do site: \u00e0 exce\u00e7\u00e3o desta eventualidade, atualmente, os dados sobre contactos web n\u00e3o s\u00e3o guardados por mais de sete dias.<br><strong>(c). \u2013 Cookies.<\/strong><br>Al\u00e9m disso, a ABOCA efetua o tratamento de forma an\u00f3nima e procedimentos de an\u00e1lise dos dados relativos \u00e0s p\u00e1ginas do dom\u00ednio aboca.com visitadas por si, obtidas atrav\u00e9s de ficheiros cookies. Atrav\u00e9s destas tecnologias&nbsp;(que permitem compreender as suas prefer\u00eancias de navega\u00e7\u00e3o, verificando as \u00e1reas do dom\u00ednio aboca.com j\u00e1 visitadas anteriormente)&nbsp;a ABOCA pode personalizar os seus servi\u00e7os de acordo com as suas exig\u00eancias, sem efetuar registos n\u00e3o necess\u00e1rios.&nbsp;(Um cookie \u00e9 constitu\u00eddo por uma s\u00e9rie de dados que um site envia ao browser. Os referidos dados podem tamb\u00e9m ser memorizados no computador atrav\u00e9s de um tag an\u00f3nimo que identifica o computador mas n\u00e3o o utilizador. Algumas p\u00e1ginas ABOCA utilizam os cookies, enviados pela ABOCA ou por terceiros, e outras tecnologias para oferecer uma melhor navega\u00e7\u00e3o do site. \u00c9 poss\u00edvel configurar o browser para receber um aviso antes da rece\u00e7\u00e3o de cookies, oferecendo assim a possibilidade de aceit\u00e1-lo ou recus\u00e1-lo. \u00c9 tamb\u00e9m poss\u00edvel desativar completamente os cookies. Ao desativar os cookies, alguns sites podem n\u00e3o funcionar de forma correta). Para informa\u00e7\u00f5es mais detalhadas sobre a utiliza\u00e7\u00e3o dos cookies no site Aboca.com, \u00e9 poss\u00edvel consultar a Pol\u00edtica de Cookies dispon\u00edvel aqui.<br><strong>(d). \u2013 Categorias especiais de dados pessoais.<\/strong><br>Se, atrav\u00e9s do dom\u00ednio ABOCA, for efetuada a recolha de categorias especiais de dados pessoais, nos termos do art. 9.\u00ba do Reg. UE 679\/2016, o utilizador ser\u00e1 previamente informado e poder\u00e1 exprimir \u2013 nos moldes previstos pela lei \u2013 o respetivo consentimento.<\/p>\n\n\n\n<p class=\"wp-block-paragraph\"><strong>IV. \u2013 Natureza do fornecimento, fontes dos dados.<\/strong>&nbsp;O fornecimento dos seus dados pessoais, regra geral, n\u00e3o \u00e9 obrigat\u00f3rio mas, em alguns casos, pode ser necess\u00e1rio e como tal, obrigat\u00f3rio, para lhe permitir beneficiar dos servi\u00e7os e funcionalidades do site.<br><strong>IV.1. \u2013 Dados cujo fornecimento \u00e9 obrigat\u00f3rio.<\/strong><br><strong>IV.1.1.&nbsp;<\/strong>\u2013&nbsp;O fornecimento destes dados pessoais \u00e9 necess\u00e1rio e, como tal, obrigat\u00f3rio, para dar seguimento aos seus pedidos espec\u00edficos; \u00e9 sempre livre de n\u00e3o fornecer os seus dados pessoais mas, nesse caso, pode ser imposs\u00edvel para o Respons\u00e1vel pelo Tratamento satisfazer os seus pedidos, cumprir as suas exig\u00eancias ou fazer com que utilize, por completo, todas as fun\u00e7\u00f5es dispon\u00edveis no site Aboca.com<br><strong>IV.1.2.<\/strong>&nbsp;\u2013&nbsp;\u00c9 necess\u00e1rio o fornecimento de dados pessoais identificativos para:<br>\u2022 (a). \u2013&nbsp;poder registar-se e receber em conjunto com as outras vantagens, as informa\u00e7\u00f5es pretendidas sobre os produtos, servi\u00e7os e iniciativas ABOCA.<br><strong>IV.1.3.<\/strong>&nbsp;\u2013&nbsp;Estes dados identificativos ser\u00e3o tratados quer em papel quer em suportes eletr\u00f3nicos, e ser\u00e3o conservados pela ABOCA exclusivamente enquanto os interessados mantiverem a sua inscri\u00e7\u00e3o no Site, ou por um tempo m\u00e1ximo de tr\u00eas anos desde a \u00faltima a\u00e7\u00e3o efetuada dentro do Site. Decorridos esses tempos de conserva\u00e7\u00e3o, os dados pessoais identificativos ser\u00e3o eliminados automaticamente.<br><strong>IV.2. \u2013 Dados utilizados para a autentica\u00e7\u00e3o.<\/strong><br>Completado o registo, durante o qual poder\u00e1 decidir as respetivas credenciais de acesso, incluindo a sua palavra-passe, de que s\u00f3 voc\u00ea ter\u00e1 conhecimento, poder\u00e1 aceder ao site da ABOCA a partir de um dispositivo m\u00f3vel ou computador, introduzindo nos respetivos campos as credenciais de autoriza\u00e7\u00e3o anteriormente definidas, pessoais, que dever\u00e1 conservar com o m\u00e1ximo cuidado.<br>Recomendamos que escolha uma palavra-passe que tenha pelo menos as seguintes caracter\u00edsticas: n\u00e3o menos de oito carateres, incluindo pelo menos um car\u00e1ter especial. Caso se esque\u00e7a da sua palavra-passe, o procedimento de recupera\u00e7\u00e3o inclui um link para redefini-la autonomamente. Os dados de autentica\u00e7\u00e3o ser\u00e3o encriptados desde a sua primeira utiliza\u00e7\u00e3o e a ABOCA n\u00e3o poder\u00e1 conhec\u00ea-los de nenhuma forma.<br><strong>IV.3. \u2013 Fontes dos dados.<\/strong><br>Iremos recolher os dados diretamente fornecidos por si atrav\u00e9s das suas intera\u00e7\u00f5es com o site www.aboca.com.<\/p>\n\n\n\n<p class=\"wp-block-paragraph\"><strong>V. Finalidades do tratamento.<\/strong>&nbsp;Al\u00e9m dos tratamentos necess\u00e1rios em rela\u00e7\u00e3o \u00e0s obriga\u00e7\u00f5es legais, regulamentares ou derivantes de ordens da Autoridade, a ABOCA efetuar\u00e1, exclusivamente com o seu consentimento, se necess\u00e1rio, as opera\u00e7\u00f5es necess\u00e1rias para lhe permitir beneficiar dos servi\u00e7os e das funcionalidades do site www.aboca.com; especificamente:<\/p>\n\n\n\n<ul class=\"wp-block-list\">\n<li>a gest\u00e3o da sua rela\u00e7\u00e3o com a ABOCA;<\/li>\n\n\n\n<li>finalidades estritamente relacionadas e instrumentais para a gest\u00e3o da referida rela\u00e7\u00e3o (por exemplo, para a aquisi\u00e7\u00e3o de informa\u00e7\u00f5es pr\u00e9-contratuais e para dar execu\u00e7\u00e3o aos servi\u00e7os e opera\u00e7\u00f5es, conforme estabelecido contratualmente);<\/li>\n\n\n\n<li>finalidades de an\u00e1lise das informa\u00e7\u00f5es obtidas para fins da proposi\u00e7\u00e3o, mediante envio por parte da ABOCA da newsletter e\/ou informa\u00e7\u00f5es promocionais ou publicit\u00e1rias, dos servi\u00e7os e\/ou dos produtos da ABOCA, ou de terceiros, considerados pela ABOCA do seu interesse, bem como a realiza\u00e7\u00e3o por parte da ABOCA de sondagens de opini\u00e3o;<\/li>\n\n\n\n<li>finalidades relativas ao controlo do andamento das rela\u00e7\u00f5es com a clientela e dos controlos dos riscos de cr\u00e9dito e fraude associados aos servi\u00e7os prestados pela ABOCA;<\/li>\n\n\n\n<li>cumprir pedidos espec\u00edficos do interessado.<\/li>\n<\/ul>\n\n\n\n<p class=\"wp-block-paragraph\"><strong>VI. Modalidades de tratamento dos seus dados pessoais.<\/strong><br>Relativamente a todas as finalidades indicadas nos par\u00e1grafos anteriores, os seus dados pessoais ser\u00e3o objeto de tratamento inform\u00e1tico e em papel e elaborados por procedimentos inform\u00e1ticos espec\u00edficos para fins de personaliza\u00e7\u00e3o dos servi\u00e7os que a ABOCA lhe pode oferecer. O tratamento dos dados ser\u00e1 feito de forma a garantir a sua seguran\u00e7a l\u00f3gica e f\u00edsica e a privacidade, e poder\u00e1 ser efetuado atrav\u00e9s de instrumentos manuais, inform\u00e1ticos e telem\u00e1ticos destinados a memorizar, transmitir e partilhar os pr\u00f3prios dados. As l\u00f3gicas do tratamento estar\u00e3o estreitamente relacionadas com as finalidades do mesmo.<br><strong>VI.1. \u2013 Pol\u00edtica de reten\u00e7\u00e3o de dados.<\/strong><br>Relativamente \u00e0s finalidades referidas na al\u00ednea (V.3), ou seja, o envio de informa\u00e7\u00f5es comerciais ou promocionais, o relativo tratamento que, em conformidade com as previs\u00f5es do Prov. Doc. web 1103045, da Autoridade de Controlo para a prote\u00e7\u00e3o dos dados pessoais, n\u00e3o envolver\u00e1 dados sens\u00edveis, ser\u00e1 realizado, por parte do respons\u00e1vel, mediante pr\u00e9vio consentimento da sua parte, por n\u00e3o mais de 24 meses a partir da recolha exclusivamente para dados agregados.<br><strong>VI.2. \u2013 Seguran\u00e7a e conserva\u00e7\u00e3o dos dados.<\/strong><br><strong>VI.2.1.<\/strong>&nbsp;\u2013&nbsp;Os seus dados pessoais ser\u00e3o conservados dentro da Uni\u00e3o Europeia, as respetivas pol\u00edticas de seguran\u00e7a s\u00e3o revistas em conformidade com as melhores pr\u00e1ticas na mat\u00e9ria.<br><strong>VI.2.2.<\/strong>&nbsp;\u2013 Rastreabilidade dos acessos e das opera\u00e7\u00f5es. Audit Log. Cada acesso aos dados ser\u00e1 memorizado em tabelas de Log espec\u00edficas. As respetivas informa\u00e7\u00f5es ir\u00e3o conter o timestamp do acesso, a identifica\u00e7\u00e3o do utilizador que acedeu aos dados, a tipologia dos dados a que foi dado acesso, o utilizador propriet\u00e1rio dos dados, a opera\u00e7\u00e3o efetuada, a aplica\u00e7\u00e3o a partir da qual foi feito o acesso.<br><strong>(E.6).<\/strong>&nbsp;\u2013 Defini\u00e7\u00e3o de perfis, decis\u00f5es automatizadas; Al\u00e9m do necess\u00e1rio para nos permitir executar as a\u00e7\u00f5es que lhe permitem usufruir dos servi\u00e7os oferecidos no site, \u00e0 exce\u00e7\u00e3o do especificado na nossa pol\u00edtica de cookies, n\u00e3o efetuamos opera\u00e7\u00f5es de defini\u00e7\u00e3o de perfis relativamente aos dados recolhidos atrav\u00e9s deste site.&nbsp;<strong>(E.7).<\/strong>&nbsp;\u2013 Data Protection Impact Assessment. A ABOCA est\u00e1 a realizar, em rela\u00e7\u00e3o \u00e0s opera\u00e7\u00f5es de tratamento de dados pessoais associadas \u00e0 operatividade do seu site, utilizando um instrumento espec\u00edfico de avalia\u00e7\u00e3o, disponibilizado pela Autoridade para a Prote\u00e7\u00e3o dos Dados Pessoais francesa&nbsp;(Commission Nationale de l\u2019informatique et des libert\u00e9s)&nbsp;uma Avalia\u00e7\u00e3o do Impacto da Privacidade (DPIA) espec\u00edfica, cujos resultados estar\u00e3o dispon\u00edveis a pedido do interessado.<\/p>\n\n\n\n<p class=\"wp-block-paragraph\"><strong>VII. \u2013 Destinat\u00e1rios dos dados e transfer\u00eancias para o estrangeiro.<\/strong><br><strong>VII.1. \u2013 Respons\u00e1veis e encarregados do tratamento de dados.<\/strong>&nbsp;Podem tomar conhecimento dos dados pessoais, a que se refere o presente documento, na qualidade de Respons\u00e1veis ou Encarregados do tratamento:<\/p>\n\n\n\n<ul class=\"wp-block-list\">\n<li>dentro da ABOCA, o pessoal qualificado, cada um limitado \u00e0s suas pr\u00f3prias compet\u00eancias e fun\u00e7\u00f5es e com base nas tarefas atribu\u00eddas e instru\u00e7\u00f5es recebidas.<\/li>\n\n\n\n<li>fora da ABOCA, terceiros, especificamente designados como Respons\u00e1veis ou encarregados do tratamento \u2013 aos quais a ABOCA recorre para v\u00e1rios servi\u00e7os e exclusivamente para a realiza\u00e7\u00e3o desses servi\u00e7os \u2013 cada um limitado \u00e0s suas pr\u00f3prias compet\u00eancias e fun\u00e7\u00f5es e com base nas tarefas atribu\u00eddas e instru\u00e7\u00f5es recebidas.<\/li>\n<\/ul>\n\n\n\n<p class=\"wp-block-paragraph\"><strong>VII.2. \u2013 Comunica\u00e7\u00e3o (a sujeitos externos determinados) dos dados.<\/strong><br>A ABOCA, para as atividades de rotina de gest\u00e3o, contabilidade e administra\u00e7\u00e3o, poder\u00e1 comunicar os seus dados pessoais, mediante pr\u00e9vio consentimento nos termos da lei, se previsto, respeitando as medidas de seguran\u00e7a, a fornecedores terceiros de servi\u00e7os com a \u00fanica finalidade de efetuar a presta\u00e7\u00e3o requerida por si, como por exemplo: \u2013 sociedade de servi\u00e7os postais, gabinetes jur\u00eddicos e not\u00e1rios, consultores, incluindo de forma associada, outras sociedades de servi\u00e7os, bem como outros sujeitos em cumprimento de eventuais obriga\u00e7\u00f5es legais (como companhias de seguros, for\u00e7as policiais, autoridades judici\u00e1rias, etc.). A lista destes sujeitos cujos dados podem ser comunicados est\u00e1 dispon\u00edvel na sede do Respons\u00e1vel pelo Tratamento.<br><strong>VII.3. \u2013 Transfer\u00eancia de dados pessoais para o estrangeiro.<\/strong><br>A ABOCA n\u00e3o transfere dados pessoais para o estrangeiro de iniciativa pr\u00f3pria. No entanto, os servidores de alguns sujeitos terceiros, fornecedores de servi\u00e7os (como no caso de fornecedores de correio eletr\u00f3nico), podem estar fisicamente situados no estrangeiro. Nestes casos, a transfer\u00eancia de dados para o estrangeiro ser\u00e1 feita exclusivamente no \u00e2mbito e respeitando o Reg. UE 679\/2016 Art. 44.\u00ba e seguintes.<br><strong>VII.4. \u2013 Divulga\u00e7\u00e3o (a sujeitos externos indeterminados) dos dados.<\/strong><br>Os dados pessoais n\u00e3o poder\u00e3o ser divulgados em nenhum caso.<\/p>\n\n\n\n<p class=\"wp-block-paragraph\"><strong>VIII. \u2013 Direitos do interessado.<\/strong><br>Os artigos 15.\u00ba a 22.\u00ba do RGPD conferem aos interessados o exerc\u00edcio de direitos espec\u00edficos. O art. 15.\u00ba do RGPD reconhece aos interessados o direito de aceder aos seus dados pessoais e de obter uma c\u00f3pia dos mesmos. O direito de obter c\u00f3pia dos dados n\u00e3o deve prejudicar os direitos e liberdades de terceiros.<br>Com o pedido de acesso, o interessado tem o direito de obter da ABOCA a confirma\u00e7\u00e3o se est\u00e1 ou n\u00e3o em curso um tratamento dos pr\u00f3prios dados pessoais e de conhecer as finalidades e categorias de dados tratadas, os sujeitos terceiros aos quais os dados s\u00e3o comunicados e se os dados foram transferidos para um pa\u00eds fora da Uni\u00e3o Europeia com garantias adequadas. O interessado tem igualmente o direito de conhecer o tempo de conserva\u00e7\u00e3o dos pr\u00f3prios dados pessoais e tem o direito de solicitar a retifica\u00e7\u00e3o dos dados inexatos e a integra\u00e7\u00e3o dos dados incompletos, o apagamento (direito a ser esquecido) nas condi\u00e7\u00f5es indicadas pelo art. 17.\u00ba do RGPD, a limita\u00e7\u00e3o do tratamento, a revoga\u00e7\u00e3o do consentimento, a portabilidade dos dados e o direito de se opor, a qualquer momento e sem ter de fornecer justifica\u00e7\u00f5es, ao tratamento para finalidades de marketing direto.<br>Os direitos poder\u00e3o ser exercidos atrav\u00e9s de e-mail para o endere\u00e7o do Data Protection Officer da ABOCA, ou mediante correio normal para a morada indicada em seguida. O Data Protection Officer pode necessitar de identificar o interessado atrav\u00e9s de pedido para fornecer c\u00f3pia do seu documento de identidade.<br>O interessado que considerar que o tratamento dos pr\u00f3prios dados pessoais viola as disposi\u00e7\u00f5es do RGPD ou da norma interna em mat\u00e9ria de prote\u00e7\u00e3o dos dados pessoais tem o direito de apresentar reclama\u00e7\u00e3o \u00e0 Autoridade para a Prote\u00e7\u00e3o dos Dados Pessoais com sede em Roma, nos termos do art. 77.\u00ba do RGPD e\/ou de recorrer \u00e0 autoridade judicial. Para o exerc\u00edcio destes direitos, ou para obter qualquer outra informa\u00e7\u00e3o relativa aos mesmos e, em geral, ao tratamento dos pr\u00f3prios dados pessoais, os pedidos poder\u00e3o ser dirigidos por e-mail para o seguinte endere\u00e7o: privacy@aboca.it; \u2013 por correio normal para Aboca S.p.A., sociedade com sede legal em Loc. Aboca n. 20, \u2013 52037 \u2013 Sansepolcro (AR), It\u00e1lia.<\/p>\n\n\n\n<p class=\"wp-block-paragraph\"><strong>IX. Revoga\u00e7\u00e3o do Consentimento Pedidos sobre Privacidade Acesso e Resposta<\/strong><br>\u00c9-lhe reconhecida a qualquer momento a faculdade de revogar o consentimento ao tratamento dos seus dados pessoais comunicando-nos a sua inten\u00e7\u00e3o. Se tiver perguntas ou se pretender mais informa\u00e7\u00f5es sobre o tratamento dos seus dados pessoais, ou se pretender exercer os direitos definidos no anterior ponto VI, pode enviar um e-mail para o administrador do site ABOCA, escrevendo para privacy@aboca.it. Pode contactar-nos para o mesmo endere\u00e7o tamb\u00e9m para obter respostas relativamente \u00e0 gest\u00e3o das informa\u00e7\u00f5es por parte da ABOCA. Para que a ABOCA lhe possa fornecer ou modificar qualquer informa\u00e7\u00e3o, pode ser necess\u00e1rio verificar a sua identidade e responder a algumas perguntas. Iremos responder-lhe o mais brevemente poss\u00edvel.<\/p>\n\n\n\n<p class=\"wp-block-paragraph\"><strong>X. \u2013 Respons\u00e1vel pelo tratamento.<\/strong><br>O respons\u00e1vel pelo tratamento \u00e9 a ABOCA com sede em Loc. Aboca20, 52037, SANSEPOLCRO (AR).<\/p>\n\n\n\n<p class=\"wp-block-paragraph\"><strong>XI. \u2013 O encarregado da prote\u00e7\u00e3o dos dados pessoais<\/strong>&nbsp;EPD \u00e9 o Adv. Giuseppe Serafini com escrit\u00f3rio em 06012, Citt\u00e0 Di Castello (PG), Via S. Antonio nr. 7. mail: dpo@aboca.it<br><strong>XI.1. \u2013 Respons\u00e1veis pelo tratamento<\/strong><br>A lista completa dos respons\u00e1veis pelo tratamento est\u00e1 dispon\u00edvel na Sede.<br>As presentes informa\u00e7\u00f5es obrigat\u00f3rias est\u00e3o sujeitas a atualiza\u00e7\u00e3o, de acordo com eventuais altera\u00e7\u00f5es \u00e0s disposi\u00e7\u00f5es legais aplic\u00e1veis.<\/p>\n","protected":false},"excerpt":{"rendered":"<p>Informa\u00e7\u00f5es em mat\u00e9ria de prote\u00e7\u00e3o dos dados pessoais.Art. 13.\u00ba Reg. UE 679 de 27 de abril de 2016 Nos termos do artigo 13.\u00ba do \u201cRegulamento Europeu 2016\/679 relativo \u00e0 prote\u00e7\u00e3o das pessoas singulares relativamente ao Tratamento dos Dados Pessoais, bem como \u00e0 livre circula\u00e7\u00e3o desses dados\u201d (de ora em diante, \u201cRGPD\u201d), a ABOCA S.p.A. Societ\u00e0<\/p>\n","protected":false},"author":4,"featured_media":93199,"parent":0,"menu_order":0,"comment_status":"closed","ping_status":"closed","template":"templates\/dynamic-institutional-level3.php","meta":{"_acf_changed":false,"inline_featured_image":false,"kk_blocks_editor_width":"","_kiokenblocks_attr":"Open Sans,Open Sans","_kiokenblocks_dimensions":"","footnotes":""},"class_list":["post-39136","page","type-page","status-publish","has-post-thumbnail","hentry"],"acf":[],"yoast_head":"<!-- This site is optimized with the Yoast SEO plugin v28.1 - https:\/\/yoast.com\/product\/yoast-seo-wordpress\/ -->\n<title>Pol\u00edtica de privacidade - Aboca<\/title>\n<meta name=\"robots\" content=\"index, follow, max-snippet:-1, max-image-preview:large, max-video-preview:-1\" \/>\n<link rel=\"canonical\" href=\"https:\/\/www.aboca.com\/pt-pt\/politica-de-privacidade\/\" \/>\n<meta property=\"og:locale\" content=\"pt_PT\" \/>\n<meta property=\"og:type\" content=\"article\" \/>\n<meta property=\"og:title\" content=\"Pol\u00edtica de privacidade - Aboca\" \/>\n<meta property=\"og:description\" content=\"Informa\u00e7\u00f5es em mat\u00e9ria de prote\u00e7\u00e3o dos dados pessoais.Art. 13.\u00ba Reg. UE 679 de 27 de abril de 2016 Nos termos do artigo 13.\u00ba do \u201cRegulamento Europeu 2016\/679 relativo \u00e0 prote\u00e7\u00e3o das pessoas singulares relativamente ao Tratamento dos Dados Pessoais, bem como \u00e0 livre circula\u00e7\u00e3o desses dados\u201d (de ora em diante, \u201cRGPD\u201d), a ABOCA S.p.A. Societ\u00e0\" \/>\n<meta property=\"og:url\" content=\"https:\/\/www.aboca.com\/pt-pt\/politica-de-privacidade\/\" \/>\n<meta property=\"og:site_name\" content=\"Aboca\" \/>\n<meta property=\"article:modified_time\" content=\"2023-10-27T15:02:12+00:00\" \/>\n<meta property=\"og:image\" content=\"https:\/\/www.aboca.com\/wp-content\/uploads\/2025\/04\/villa_drone-1.jpg\" \/>\n\t<meta property=\"og:image:width\" content=\"1920\" \/>\n\t<meta property=\"og:image:height\" content=\"1080\" \/>\n\t<meta property=\"og:image:type\" content=\"image\/jpeg\" \/>\n<meta name=\"twitter:card\" content=\"summary_large_image\" \/>\n<meta name=\"twitter:label1\" content=\"Tempo estimado de leitura\" \/>\n\t<meta name=\"twitter:data1\" content=\"13 minutes\" \/>\n<script type=\"application\/ld+json\" class=\"yoast-schema-graph\">{\"@context\":\"https:\\\/\\\/schema.org\",\"@graph\":[{\"@type\":\"WebPage\",\"@id\":\"https:\\\/\\\/www.aboca.com\\\/pt-pt\\\/politica-de-privacidade\\\/\",\"url\":\"https:\\\/\\\/www.aboca.com\\\/pt-pt\\\/politica-de-privacidade\\\/\",\"name\":\"Pol\u00edtica de privacidade - Aboca\",\"isPartOf\":{\"@id\":\"https:\\\/\\\/www.aboca.com\\\/pt-pt\\\/#website\"},\"primaryImageOfPage\":{\"@id\":\"https:\\\/\\\/www.aboca.com\\\/pt-pt\\\/politica-de-privacidade\\\/#primaryimage\"},\"image\":{\"@id\":\"https:\\\/\\\/www.aboca.com\\\/pt-pt\\\/politica-de-privacidade\\\/#primaryimage\"},\"thumbnailUrl\":\"https:\\\/\\\/www.aboca.com\\\/wp-content\\\/uploads\\\/2025\\\/04\\\/villa_drone-1.jpg\",\"datePublished\":\"2023-10-27T13:13:40+00:00\",\"dateModified\":\"2023-10-27T15:02:12+00:00\",\"breadcrumb\":{\"@id\":\"https:\\\/\\\/www.aboca.com\\\/pt-pt\\\/politica-de-privacidade\\\/#breadcrumb\"},\"inLanguage\":\"pt-PT\",\"potentialAction\":[{\"@type\":\"ReadAction\",\"target\":[\"https:\\\/\\\/www.aboca.com\\\/pt-pt\\\/politica-de-privacidade\\\/\"]}]},{\"@type\":\"ImageObject\",\"inLanguage\":\"pt-PT\",\"@id\":\"https:\\\/\\\/www.aboca.com\\\/pt-pt\\\/politica-de-privacidade\\\/#primaryimage\",\"url\":\"https:\\\/\\\/www.aboca.com\\\/wp-content\\\/uploads\\\/2025\\\/04\\\/villa_drone-1.jpg\",\"contentUrl\":\"https:\\\/\\\/www.aboca.com\\\/wp-content\\\/uploads\\\/2025\\\/04\\\/villa_drone-1.jpg\",\"width\":1920,\"height\":1080,\"caption\":\"villa_drone-1\"},{\"@type\":\"BreadcrumbList\",\"@id\":\"https:\\\/\\\/www.aboca.com\\\/pt-pt\\\/politica-de-privacidade\\\/#breadcrumb\",\"itemListElement\":[{\"@type\":\"ListItem\",\"position\":1,\"name\":\"Home\",\"item\":\"https:\\\/\\\/www.aboca.com\\\/pt-pt\\\/\"},{\"@type\":\"ListItem\",\"position\":2,\"name\":\"Pol\u00edtica de privacidade\"}]},{\"@type\":\"WebSite\",\"@id\":\"https:\\\/\\\/www.aboca.com\\\/pt-pt\\\/#website\",\"url\":\"https:\\\/\\\/www.aboca.com\\\/pt-pt\\\/\",\"name\":\"Aboca\",\"description\":\"\",\"potentialAction\":[{\"@type\":\"SearchAction\",\"target\":{\"@type\":\"EntryPoint\",\"urlTemplate\":\"https:\\\/\\\/www.aboca.com\\\/pt-pt\\\/?s={search_term_string}\"},\"query-input\":{\"@type\":\"PropertyValueSpecification\",\"valueRequired\":true,\"valueName\":\"search_term_string\"}}],\"inLanguage\":\"pt-PT\"}]}<\/script>\n<!-- \/ Yoast SEO plugin. -->","yoast_head_json":{"title":"Pol\u00edtica de privacidade - Aboca","robots":{"index":"index","follow":"follow","max-snippet":"max-snippet:-1","max-image-preview":"max-image-preview:large","max-video-preview":"max-video-preview:-1"},"canonical":"https:\/\/www.aboca.com\/pt-pt\/politica-de-privacidade\/","og_locale":"pt_PT","og_type":"article","og_title":"Pol\u00edtica de privacidade - Aboca","og_description":"Informa\u00e7\u00f5es em mat\u00e9ria de prote\u00e7\u00e3o dos dados pessoais.Art. 13.\u00ba Reg. UE 679 de 27 de abril de 2016 Nos termos do artigo 13.\u00ba do \u201cRegulamento Europeu 2016\/679 relativo \u00e0 prote\u00e7\u00e3o das pessoas singulares relativamente ao Tratamento dos Dados Pessoais, bem como \u00e0 livre circula\u00e7\u00e3o desses dados\u201d (de ora em diante, \u201cRGPD\u201d), a ABOCA S.p.A. Societ\u00e0","og_url":"https:\/\/www.aboca.com\/pt-pt\/politica-de-privacidade\/","og_site_name":"Aboca","article_modified_time":"2023-10-27T15:02:12+00:00","og_image":[{"width":1920,"height":1080,"url":"https:\/\/www.aboca.com\/wp-content\/uploads\/2025\/04\/villa_drone-1.jpg","type":"image\/jpeg"}],"twitter_card":"summary_large_image","twitter_misc":{"Tempo estimado de leitura":"13 minutes"},"schema":{"@context":"https:\/\/schema.org","@graph":[{"@type":"WebPage","@id":"https:\/\/www.aboca.com\/pt-pt\/politica-de-privacidade\/","url":"https:\/\/www.aboca.com\/pt-pt\/politica-de-privacidade\/","name":"Pol\u00edtica de privacidade - Aboca","isPartOf":{"@id":"https:\/\/www.aboca.com\/pt-pt\/#website"},"primaryImageOfPage":{"@id":"https:\/\/www.aboca.com\/pt-pt\/politica-de-privacidade\/#primaryimage"},"image":{"@id":"https:\/\/www.aboca.com\/pt-pt\/politica-de-privacidade\/#primaryimage"},"thumbnailUrl":"https:\/\/www.aboca.com\/wp-content\/uploads\/2025\/04\/villa_drone-1.jpg","datePublished":"2023-10-27T13:13:40+00:00","dateModified":"2023-10-27T15:02:12+00:00","breadcrumb":{"@id":"https:\/\/www.aboca.com\/pt-pt\/politica-de-privacidade\/#breadcrumb"},"inLanguage":"pt-PT","potentialAction":[{"@type":"ReadAction","target":["https:\/\/www.aboca.com\/pt-pt\/politica-de-privacidade\/"]}]},{"@type":"ImageObject","inLanguage":"pt-PT","@id":"https:\/\/www.aboca.com\/pt-pt\/politica-de-privacidade\/#primaryimage","url":"https:\/\/www.aboca.com\/wp-content\/uploads\/2025\/04\/villa_drone-1.jpg","contentUrl":"https:\/\/www.aboca.com\/wp-content\/uploads\/2025\/04\/villa_drone-1.jpg","width":1920,"height":1080,"caption":"villa_drone-1"},{"@type":"BreadcrumbList","@id":"https:\/\/www.aboca.com\/pt-pt\/politica-de-privacidade\/#breadcrumb","itemListElement":[{"@type":"ListItem","position":1,"name":"Home","item":"https:\/\/www.aboca.com\/pt-pt\/"},{"@type":"ListItem","position":2,"name":"Pol\u00edtica de privacidade"}]},{"@type":"WebSite","@id":"https:\/\/www.aboca.com\/pt-pt\/#website","url":"https:\/\/www.aboca.com\/pt-pt\/","name":"Aboca","description":"","potentialAction":[{"@type":"SearchAction","target":{"@type":"EntryPoint","urlTemplate":"https:\/\/www.aboca.com\/pt-pt\/?s={search_term_string}"},"query-input":{"@type":"PropertyValueSpecification","valueRequired":true,"valueName":"search_term_string"}}],"inLanguage":"pt-PT"}]}},"_links":{"self":[{"href":"https:\/\/www.aboca.com\/pt-pt\/wp-json\/wp\/v2\/pages\/39136","targetHints":{"allow":["GET"]}}],"collection":[{"href":"https:\/\/www.aboca.com\/pt-pt\/wp-json\/wp\/v2\/pages"}],"about":[{"href":"https:\/\/www.aboca.com\/pt-pt\/wp-json\/wp\/v2\/types\/page"}],"author":[{"embeddable":true,"href":"https:\/\/www.aboca.com\/pt-pt\/wp-json\/wp\/v2\/users\/4"}],"replies":[{"embeddable":true,"href":"https:\/\/www.aboca.com\/pt-pt\/wp-json\/wp\/v2\/comments?post=39136"}],"version-history":[{"count":3,"href":"https:\/\/www.aboca.com\/pt-pt\/wp-json\/wp\/v2\/pages\/39136\/revisions"}],"predecessor-version":[{"id":39221,"href":"https:\/\/www.aboca.com\/pt-pt\/wp-json\/wp\/v2\/pages\/39136\/revisions\/39221"}],"wp:featuredmedia":[{"embeddable":true,"href":"https:\/\/www.aboca.com\/pt-pt\/wp-json\/wp\/v2\/media\/93199"}],"wp:attachment":[{"href":"https:\/\/www.aboca.com\/pt-pt\/wp-json\/wp\/v2\/media?parent=39136"}],"curies":[{"name":"wp","href":"https:\/\/api.w.org\/{rel}","templated":true}]}}