{"id":39135,"date":"2023-10-27T13:13:40","date_gmt":"2023-10-27T13:13:40","guid":{"rendered":"https:\/\/aboca-site-2023.lotrek.net\/privacy-policy-2\/"},"modified":"2025-02-28T14:06:00","modified_gmt":"2025-02-28T14:06:00","slug":"privacy-policy","status":"publish","type":"page","link":"https:\/\/www.aboca.com\/pl\/privacy-policy\/","title":{"rendered":"Polityka prywatno\u015bci"},"content":{"rendered":"<div class=\"not-on-desktop\" style=\"padding-top:0; padding-bottom:0;\"><ul class=\"commonBreads__list \">\n            <li class=\"commonBreads__item text__body-breads\">\n            \n            <a   title=\"Home\"   role=\"none\" >Home<\/a>\n            \n                    <\/li>\n\n    <\/ul>\n<\/div>\n\n\n\n<p class=\"wp-block-paragraph\"><strong>Informacje na temat ochrony danych osobowych.<br><\/strong><strong>Art. 13 rozporz\u0105dzenia UE 2016\/679 z 27 kwietnia 2016 r.<\/strong><\/p>\n\n\n\n<p class=\"wp-block-paragraph\">Zgodnie z tre\u015bci\u0105 art. 13 rozporz\u0105dzenia UE 2016\/679 w sprawie ochrony os\u00f3b fizycznych w zwi\u0105zku z przetwarzaniem danych osobowych i w sprawie swobodnego przep\u0142ywu takich danych (dalej \u201eRODO\u201d), ABOCA S.p.A. Societ\u00e0 Agricola (dalej \u201eABOCA\u201d) z siedzib\u0105 przy Loc. Aboca 20, Sansepolcro 52037 (AR)\u2013 Arezzo, W\u0142ochy i Aboca Polska sp. z o.o., z siedzib\u0105 w Katowicach, ul. Ks. Bpa Herberta Bednorza 2A-6, 40-384 Katowice, jako Administratorzy danych, zobowi\u0105zane s\u0105 do dostarczenia u\u017cytkownikom, kt\u00f3rzy \u0142\u0105cz\u0105 si\u0119 z domen\u0105 <a href=\"https:\/\/www.aboca.com\" target=\"_blank\" rel=\"noreferrer noopener\">www.aboca.com<\/a> (niezale\u017cnie od celu po\u0142\u0105czenia), okre\u015blonych informacji na temat prowadzonego przetwarzania danych osobowych.<\/p>\n\n\n\n<p class=\"wp-block-paragraph\">Niniejszy dokument stanowi \u201ePolityk\u0119 prywatno\u015bci\u201d (z zastrze\u017ceniem wszelkich przysz\u0142ych niezb\u0119dnych aktualizacji) tej strony internetowej. Dla cel\u00f3w niniejszej informacji, z uwzgl\u0119dnieniem definicji, z kt\u00f3rych wszystkie okre\u015blone s\u0105 w art. 4 RODO, wprowadza si\u0119 nast\u0119puj\u0105ce okre\u015blenia:<\/p>\n\n\n\n<p class=\"wp-block-paragraph\"><strong>Domena:<\/strong>&nbsp;domena, dost\u0119pna za po\u015brednictwem globalnego serwisu sieci internetowej, pod adresem https:\/\/www.aboca.com, sk\u0142adaj\u0105ca si\u0119 z danych, aplikacji, zasob\u00f3w technologicznych, zasob\u00f3w ludzkich, zasad organizacyjnych oraz procedur pozyskiwania, przechowywania, przetwarzania, wymiany, wyszukiwania i przekazywania informacji.<\/p>\n\n\n\n<p class=\"wp-block-paragraph\"><strong>Obszary gromadzenia:&nbsp;<\/strong>obszary w domenie aboca.com przeznaczone do gromadzenia danych osobowych.<\/p>\n\n\n\n<p class=\"wp-block-paragraph\"><strong>I. Ostrze\u017cenia i ochrona ma\u0142oletnich<\/strong><\/p>\n\n\n\n<p class=\"wp-block-paragraph\">Przetwarzanie danych osobowych odbywa si\u0119 z zachowaniem zasad legalno\u015bci, rzetelno\u015bci i przejrzysto\u015bci. Dane osobowe b\u0119d\u0105 zbierane do okre\u015blonych, wyra\u017anych, prawnie uzasadnionych cel\u00f3w (ograniczenie cel\u00f3w) i b\u0119d\u0105 adekwatne, stosowne i ograniczone do tego, co niezb\u0119dne do cel\u00f3w, w kt\u00f3rych s\u0105 przetwarzane (minimalizacja danych). B\u0119d\u0105 one zawsze uaktualniane i dok\u0142adne oraz przechowywane przez okres nie d\u0142u\u017cszy ni\u017c jest to niezb\u0119dne do cel\u00f3w wykonania Umowy, z wyj\u0105tkiem wype\u0142niania obowi\u0105zk\u00f3w prawnych i podatkowych, kt\u00f3re wyznaczaj\u0105 d\u0142u\u017csze okresy przechowywania (ograniczenie przechowywania). Dane osobowe b\u0119d\u0105 przetwarzane z zastosowaniem wszelkich odpowiednich \u015brodk\u00f3w bezpiecze\u0144stwa w celu zapewnienia ich integralno\u015bci, poufno\u015bci i uniemo\u017cliwienia dost\u0119pu do nich nieupowa\u017cnionym osobom trzecim (integralno\u015b\u0107 i poufno\u015b\u0107).&nbsp;<strong>Je\u015bli nie zosta\u0142o to wyra\u017anie wskazane, przekazywanie danych osobowych za po\u015brednictwem obszar\u00f3w gromadzenia na stronie internetowej www.aboca.com jest zastrze\u017cone dla os\u00f3b powy\u017cej 14. roku \u017cycia.<\/strong><\/p>\n\n\n\n<p class=\"wp-block-paragraph\"><strong>II. W\u0142a\u015bciwe normy i podstawy prawne przetwarzania.<\/strong><\/p>\n\n\n\n<p class=\"wp-block-paragraph\">Operacje przetwarzania, kt\u00f3re szczeg\u00f3\u0142owo wyja\u015bnimy poni\u017cej, maj\u0105 swoj\u0105 podstaw\u0119 prawn\u0105 w przepisach reguluj\u0105cych prawo do ochrony danych osobowych, prawo do prywatno\u015bci, a tak\u017ce w tych, kt\u00f3re pozwalaj\u0105 na wyra\u017cenie lub odwo\u0142anie, w ka\u017cdej chwili, Pa\u0144stwa \u015bwiadomej zgody na operacje przetwarzania, tj.:<\/p>\n\n\n\n<p class=\"wp-block-paragraph\">A. og\u00f3lne rozporz\u0105dzenie UE 2016\/679 z 27 kwietnia 2016 r. w sprawie ochrony os\u00f3b fizycznych w zwi\u0105zku z przetwarzaniem danych osobowych i w sprawie swobodnego przep\u0142ywu takich danych;<\/p>\n\n\n\n<p class=\"wp-block-paragraph\">B. Pa\u0144stwa \u015bwiadoma zgoda, udzielona zgodnie z obowi\u0105zuj\u0105cymi przepisami prawa w zakresie ochrony danych osobowych (art. 6 RODO).<\/p>\n\n\n\n<p class=\"wp-block-paragraph\">C. wykonanie zobowi\u0105za\u0144 umownych podj\u0119tych przez ABOCA na Pa\u0144stwa rzecz w momencie przyst\u0105pienia do Us\u0142ugi (art. 6 RODO);<\/p>\n\n\n\n<p class=\"wp-block-paragraph\">D. wykonanie zobowi\u0105za\u0144 lub zarz\u0105dze\u0144, do kt\u00f3rych Administrator danych jest obowi\u0105zany z mocy prawa lub postanowienia organu (art. 6 RODO).<\/p>\n\n\n\n<p class=\"wp-block-paragraph\">E. wzgl\u0119dy interesu publicznego zgodnie z art. 9 lit. i) RODO w zwi\u0105zku z postanowieniami art. 2e lit. z), dekr. legis. 196\/2003 oraz art. 83 rozporz\u0105dzenia Parlamentu Europejskiego i Rady (UE) 2017\/745 z 5 kwietnia 2017 r. w sprawie wyrob\u00f3w medycznych;<\/p>\n\n\n\n<p class=\"wp-block-paragraph\">F. uzasadniony interes Administratora danych zgodnie z art. 6, lit. f).<\/p>\n\n\n\n<p class=\"wp-block-paragraph\"><strong>III. \u2013 Charakter danych b\u0119d\u0105cych przedmiotem przetwarzania.<\/strong><\/p>\n\n\n\n<p class=\"wp-block-paragraph\">Opcjonalne, wyra\u017ane i dobrowolne wys\u0142anie wiadomo\u015bci elektronicznej na adresy wskazane na niniejszej stronie internetowej poci\u0105ga za sob\u0105 p\u00f3\u017aniejsze uzyskanie adresu nadawcy, niezb\u0119dnego do udzielenia odpowiedzi na zapytanie, a tak\u017ce wszelkich innych danych osobowych zawartych w wiadomo\u015bci. Konkretne informacje podsumowuj\u0105ce b\u0119d\u0105 na bie\u017c\u0105co przedstawiane lub wy\u015bwietlane na stronach serwisu utworzonych dla poszczeg\u00f3lnych us\u0142ug na \u017cyczenie. W ka\u017cdym przypadku \u2013 gdy b\u0119dzie to wymagane przepisami prawa \u2013 b\u0119d\u0105 Pa\u0144stwo co pewien czas proszeni o udzielenie zgody na przetwarzanie danych osobowych.<\/p>\n\n\n\n<p class=\"wp-block-paragraph\">Wy\u0142\u0105cznie po uzyskaniu zgody, w razie konieczno\u015bci, b\u0119d\u0105 lub mog\u0105 by\u0107 przetwarzane, we wskazanych celach, nast\u0119puj\u0105ce kategorie Pa\u0144stwa danych osobowych:<\/p>\n\n\n\n<p class=\"wp-block-paragraph\"><strong>(a). \u2013 Powszechne dane osobowe i dane identyfikacyjne.&nbsp;<\/strong>Np. imi\u0119 i nazwisko, rok urodzenia, p\u0142e\u0107, adres, miasto, wojew\u00f3dztwo, adres e-mail, numer telefonu, kod pocztowy, linki do profili nast\u0119puj\u0105cych sieci spo\u0142eczno\u015bciowych: Facebook, Instagram i Twitter.<\/p>\n\n\n\n<p class=\"wp-block-paragraph\"><strong>(b). \u2013 Szczeg\u00f3lne kategorie danych osobowych.&nbsp;<\/strong>W przypadku, gdy za po\u015brednictwem domeny ABOCA dochodzi do zbierania szczeg\u00f3lnych kategorii danych osobowych zgodnie z art. 9 rozporz\u0105dzenia UE 679\/2016, zostan\u0105 Pa\u0144stwo o tym poinformowani z wyprzedzeniem i w razie potrzeby b\u0119d\u0105 mogli wyrazi\u0107 odpowiedni\u0105 zgod\u0119 w spos\u00f3b okre\u015blony przepisami prawa. Je\u017celi zdecyduj\u0105 si\u0119 Pa\u0144stwo wzi\u0105\u0107 udzia\u0142 w dzia\u0142aniach prowadzonych przez ABOCA w zakresie wykonywania zobowi\u0105za\u0144 zwi\u0105zanych z nadzorem po wprowadzeniu do obrotu, zgodnie z art. 83 rozporz\u0105dzenia UE. 745\/2018, realizowane b\u0119dzie przetwarzanie danych osobowych dotycz\u0105cych Pa\u0144stwa stanu zdrowia, dla cel\u00f3w wskazanych w niniejszej informacji, w punkcie V.6., szczeg\u00f3\u0142owo przedstawionych w tre\u015bci specjalnej informacji.<\/p>\n\n\n\n<p class=\"wp-block-paragraph\"><strong>(c). \u2013 Przetwarzanie danych technicznych.&nbsp;<\/strong>Przedmiotem przetwarzania jest r\u00f3wnie\u017c numer IP i typ przegl\u0105darki u\u017cywanej przez Pa\u0144stwa do \u0142\u0105czenia si\u0119 z domen\u0105 aboca.com (dane nieidentyfikuj\u0105ce), automatycznie rejestrowane przez urz\u0105dzenia logiczne do ochrony i kontroli dost\u0119pu do domeny (LOG FILES). Te dane osobowe b\u0119d\u0105 wykorzystywane wy\u0142\u0105cznie w celu monitorowania ruchu w sieci do domeny aboca.com.<\/p>\n\n\n\n<p class=\"wp-block-paragraph\">Informacje takie nie s\u0105 zbierane w celu powi\u0105zania ich ze zidentyfikowanymi osobami, kt\u00f3rych dane dotycz\u0105, ale ze wzgl\u0119du na ich charakter mog\u0142yby, poprzez przetworzenie i powi\u0105zanie z danymi b\u0119d\u0105cymi w posiadaniu stron trzecich, umo\u017cliwi\u0107 identyfikacj\u0119 u\u017cytkownik\u00f3w. Dane te s\u0105 wykorzystywane wy\u0142\u0105cznie w celu uzyskania zanonimizowanych informacji statystycznych na temat korzystania ze strony internetowej oraz w celu sprawdzenia jej prawid\u0142owego funkcjonowania i s\u0105 usuwane niezw\u0142ocznie po przetworzeniu. Dane te mog\u0142yby zosta\u0107 wykorzystane do ustalenia odpowiedzialno\u015bci w przypadku potencjalnych przest\u0119pstw komputerowych na szkod\u0119 strony internetowej: z wyj\u0105tkiem tej mo\u017cliwo\u015bci, obecnie dane dotycz\u0105ce kontakt\u00f3w internetowych nie s\u0105 przechowywane d\u0142u\u017cej ni\u017c siedem dni.<\/p>\n\n\n\n<p class=\"wp-block-paragraph\"><strong>(d). \u2013 Dane wykorzystywane do uwierzytelniania.&nbsp;<\/strong>Po zako\u0144czeniu rejestracji, podczas kt\u00f3rej b\u0119d\u0105 Pa\u0144stwo mogli ustali\u0107 swoje dane uwierzytelniaj\u0105ce, w tym has\u0142o, kt\u00f3re znaj\u0105 tylko Pa\u0144stwo, mo\u017cliwe b\u0119dzie uzyskanie dost\u0119pu do strony internetowej ABOCA z urz\u0105dzenia mobilnego lub komputera stacjonarnego poprzez wpisanie w odpowiednich polach swoich danych uwierzytelniaj\u0105cych, kt\u00f3re nale\u017cy przechowywa\u0107 z najwy\u017csz\u0105 staranno\u015bci\u0105. Zalecamy wybranie has\u0142a, kt\u00f3re zawiera co najmniej nast\u0119puj\u0105ce elementy: d\u0142ugo\u015b\u0107 co najmniej 8 znak\u00f3w i co najmniej 4 rodzaje znak\u00f3w, w tym ma\u0142e i wielkie litery, cyfry, znaki interpunkcyjne, a tak\u017ce co najmniej jeden znak specjalny. W przypadku zapomnienia has\u0142a, w procedurze odzyskiwania dostarczany jest link do samodzielnego zresetowania has\u0142a. Dane uwierzytelniaj\u0105ce zostan\u0105 zaszyfrowane po pierwszym u\u017cyciu i ABOCA nie b\u0119dzie w stanie w \u017caden spos\u00f3b ich rozpozna\u0107.<\/p>\n\n\n\n<p class=\"wp-block-paragraph\"><strong>(e). \u2013 Pliki cookie<\/strong>. Ponadto ABOCA przetwarza dane w formie anonimowej i przeprowadza procedury analizy danych dotycz\u0105cych odwiedzanych przez Pa\u0144stwa stron internetowych domeny aboca.com, pozyskanych za pomoc\u0105 plik\u00f3w cookie. Za pomoc\u0105 tych technologii (kt\u00f3re umo\u017cliwiaj\u0105 nam zrozumienie Pa\u0144stwa preferencji dotycz\u0105cych przegl\u0105dania stron poprzez sprawdzenie ju\u017c wcze\u015bniej odwiedzonych obszar\u00f3w domeny aboca.com) ABOCA mo\u017ce dostosowa\u0107 swoje us\u0142ugi do Pa\u0144stwa potrzeb, bez konieczno\u015bci dokonywania zb\u0119dnych rejestracji. (Plik cookie sk\u0142ada si\u0119 ze zbioru danych, kt\u00f3re strona internetowa przesy\u0142a do przegl\u0105darki. Powy\u017csze dane mog\u0105 by\u0107 r\u00f3wnie\u017c przechowywane na komputerze za pomoc\u0105 anonimowego znacznika, kt\u00f3ry identyfikuje komputer, ale nie u\u017cytkownika. Niekt\u00f3re strony ABOCA wykorzystuj\u0105 pliki cookie przes\u0142ane przez ABOCA lub przez podmioty trzecie, a tak\u017ce inne technologie w celu zapewnienia najlepszej nawigacji na stronie internetowej. Mo\u017cna ustawi\u0107 przegl\u0105dark\u0119 tak, aby przed wys\u0142aniem pliku cookie pokazywa\u0142a informacj\u0119 o mo\u017cliwo\u015bci zaakceptowania go lub nie. Mo\u017cliwe jest r\u00f3wnie\u017c ca\u0142kowite wy\u0142\u0105czenie plik\u00f3w cookie. W przypadku wy\u0142\u0105czenia plik\u00f3w cookie niekt\u00f3re strony internetowe mog\u0105 nie dzia\u0142a\u0107 prawid\u0142owo). Bardziej szczeg\u00f3\u0142owe informacje na temat wykorzystywania plik\u00f3w cookie na stronie internetowej Aboca.com znajduj\u0105 si\u0119 w Polityce dotycz\u0105cej plik\u00f3w cookie dost\u0119pnej tutaj.<\/p>\n\n\n\n<p class=\"wp-block-paragraph\"><strong>IV. \u0179r\u00f3d\u0142a danych i charakter przekazywania.<\/strong><\/p>\n\n\n\n<p class=\"wp-block-paragraph\">Zbieramy dane przekazywane bezpo\u015brednio przez Pa\u0144stwa poprzez interakcje na stronie internetowej www.aboca.com.<\/p>\n\n\n\n<p class=\"wp-block-paragraph\">Przekazywanie danych osobowych, co do zasady, nie jest obowi\u0105zkowe, ale w niekt\u00f3rych przypadkach jest konieczne, a zatem obowi\u0105zkowe, aby umo\u017cliwi\u0107 Pa\u0144stwu korzystanie z us\u0142ug i funkcji strony internetowej.<\/p>\n\n\n\n<p class=\"wp-block-paragraph\"><strong>Dane, kt\u00f3rych przekazanie jest konieczne.&nbsp;<\/strong>Przekazanie pewnych danych osobowych jest konieczne, a zatem obowi\u0105zkowe, aby mo\u017cliwe by\u0142o zrealizowanie Pa\u0144stwa potrzeb; zawsze maj\u0105 Pa\u0144stwo prawo do nieprzekazywania swoich danych osobowych, ale w takim przypadku Administrator danych mo\u017ce nie by\u0107 w stanie spe\u0142ni\u0107 Pa\u0144stwa potrzeb, wymaga\u0144 lub umo\u017cliwi\u0107 skorzystania w ca\u0142o\u015bci ze wszystkich funkcji dost\u0119pnych na stronie internetowej Aboca.com<\/p>\n\n\n\n<p class=\"wp-block-paragraph\"><strong>Konieczne jest przekazanie identyfikacyjnych danych osobowych w celu:&nbsp;<\/strong>(a). \u2013 umo\u017cliwienia zarejestrowania si\u0119 na stronie internetowej i otrzymywania, wraz z innymi korzy\u015bciami, niezb\u0119dnych informacji o produktach, us\u0142ugach oraz inicjatywach ABOCA. (b). \u2013 prowadzenia dzia\u0142a\u0144 w zakresie wype\u0142niania przez ABOCA zobowi\u0105za\u0144 zwi\u0105zanych z nadzorem po wprowadzeniu do obrotu (Pa\u0144stwa do\u015bwiadczenie stanowi warto\u015b\u0107 dla wszystkich).<\/p>\n\n\n\n<p class=\"wp-block-paragraph\">Takie dane identyfikacyjne b\u0119d\u0105 przetwarzane zar\u00f3wno w formie papierowej, jak i elektronicznej i b\u0119d\u0105 przechowywane przez ABOCA wy\u0142\u0105cznie przez okres, przez kt\u00f3ry osoby, kt\u00f3rych dane dotycz\u0105 b\u0119d\u0105 zarejestrowane na stronie internetowej lub maksymalnie przez trzy lata od ostatniej aktywno\u015bci na stronie. Po up\u0142ywie wskazanych okres\u00f3w przechowywania identyfikacyjne dane osobowe zostan\u0105 automatycznie usuni\u0119te.<\/p>\n\n\n\n<p class=\"wp-block-paragraph\"><strong>V. Cele przetwarzania.<\/strong><\/p>\n\n\n\n<p class=\"wp-block-paragraph\">ABOCA, opr\u00f3cz przetwarzania niezb\u0119dnego w zwi\u0105zku z zobowi\u0105zaniami wynikaj\u0105cymi z przepis\u00f3w prawa, rozporz\u0105dze\u0144 lub zarz\u0105dze\u0144 w\u0142a\u015bciwych organ\u00f3w, b\u0119dzie przeprowadza\u0107 \u2013 wy\u0142\u0105cznie za Pa\u0144stwa zgod\u0105 i je\u015bli b\u0119dzie to konieczne \u2013 operacje niezb\u0119dne do umo\u017cliwienia Pa\u0144stwu korzystania z us\u0142ug i funkcji strony internetowej www.aboca.com; w szczeg\u00f3lno\u015bci do:<\/p>\n\n\n\n<ol class=\"wp-block-list\">\n<li>zarz\u0105dzania Pa\u0144stwa relacjami z ABOCA;<\/li>\n\n\n\n<li>cel\u00f3w \u015bci\u015ble zwi\u0105zanych i istotnych dla zarz\u0105dzania wskazan\u0105 wy\u017cej relacj\u0105 (np. w celu uzyskania informacji przedumownych oraz wykonania us\u0142ug i czynno\u015bci, zgodnie z postanowieniami umowy);<\/li>\n\n\n\n<li>cel\u00f3w marketingowych, takich jak wysy\u0142anie przez ABOCA newsletter\u00f3w i\/lub informacji promocyjnych lub reklamowych, us\u0142ug i\/lub produkt\u00f3w ABOCA lub podmiot\u00f3w trzecich, kt\u00f3re ABOCA uzna za interesuj\u0105ce dla Pa\u0144stwa;<\/li>\n\n\n\n<li>cel\u00f3w zwi\u0105zanych z kontrol\u0105 rozwoju relacji z klientami oraz kontrol\u0105 ryzyka kredytowego i ryzyka nadu\u017cy\u0107 dotycz\u0105cych us\u0142ug oferowanych przez ABOCA;<\/li>\n\n\n\n<li>realizowania Pa\u0144stwa konkretnych potrzeb;<\/li>\n\n\n\n<li>w przypadku wype\u0142niania kwestionariuszy zwi\u0105zanych z \u201ePa\u0144stwa do\u015bwiadczenie stanowi warto\u015b\u0107 dla wszystkich\u201d, przetwarzanie jest prowadzone do cel\u00f3w nadzoru po wprowadzeniu do obrotu przez Administratora, zgodnie z obowi\u0105zkiem wynikaj\u0105cym z przepis\u00f3w prawa (art. 83 rozporz\u0105dzenia UE 745\/2017), na podstawie przepis\u00f3w art. 6 lit. c), art. 9 lit. i) RODO, a tak\u017ce art. 2e lit. z) dekr. legis. 196\/2003. W szczeg\u00f3lno\u015bci Pa\u0144stwa dane b\u0119d\u0105 przetwarzane w ramach czynno\u015bci nadzoru po wprowadzeniu do obrotu wyrob\u00f3w medycznych;<\/li>\n\n\n\n<li>cel\u00f3w analizy statystycznej zagregowanych danych osobowych, takich jak miejsce zamieszkania, p\u0142e\u0107, wiek, miejsce urodzenia, poziom wykszta\u0142cenia, adres e-mail.<\/li>\n<\/ol>\n\n\n\n<p class=\"wp-block-paragraph\"><strong>VI. Sposoby przetwarzania Pa\u0144stwa danych osobowych.<\/strong><\/p>\n\n\n\n<p class=\"wp-block-paragraph\">W odniesieniu do wszystkich cel\u00f3w wskazanych w poprzednich punktach, Pa\u0144stwa dane osobowe b\u0119d\u0105 przedmiotem przetwarzania w formie elektronicznej i papierowej oraz b\u0119d\u0105 przetwarzane za pomoc\u0105 technik pseudonimizacji i anonimizacji w celu dostosowania us\u0142ug, kt\u00f3re ABOCA jest w stanie Pa\u0144stwu zaoferowa\u0107. Przetwarzanie danych b\u0119dzie odbywa\u0107 si\u0119 w spos\u00f3b gwarantuj\u0105cy logiczne i fizyczne bezpiecze\u0144stwo oraz poufno\u015b\u0107, a tak\u017ce mo\u017ce by\u0107 przeprowadzane przy u\u017cyciu r\u0119cznych, informatycznych i telematycznych narz\u0119dzi przeznaczonych do przechowywania, przesy\u0142ania i udost\u0119pniania danych. Logiki przetwarzania b\u0119d\u0105 \u015bci\u015ble zwi\u0105zane z realizowanymi celami.<\/p>\n\n\n\n<p class=\"wp-block-paragraph\"><strong>Polityka przechowywania danych.&nbsp;<\/strong>Z wyj\u0105tkiem przypadk\u00f3w okre\u015blonych w informacji dotycz\u0105cej czynno\u015bci nadzoru po wprowadzeniu do obrotu, w zwi\u0105zku z celami, o kt\u00f3rych mowa w punkcie (V.3), czyli dostarczaniem informacji handlowych lub promocyjnych, zwi\u0105zane z tym przetwarzanie, kt\u00f3re zgodnie z postanowieniami Dokumentacji web 1103045 organu nadzorczego ds. ochrony danych osobowych, nie b\u0119dzie mia\u0142o za przedmiot szczeg\u00f3lnych kategorii danych osobowych, b\u0119dzie prowadzone przez Administratora danych \u2013 po wyra\u017ceniu przez Pa\u0144stwa zgody \u2013 nie d\u0142u\u017cej ni\u017c przez okres 24 miesi\u0119cy od zebrania, wy\u0142\u0105cznie na danych zagregowanych.<\/p>\n\n\n\n<p class=\"wp-block-paragraph\"><strong>Bezpiecze\u0144stwo i przechowywanie danych.&nbsp;<\/strong>Pa\u0144stwa dane osobowe b\u0119d\u0105 przechowywane na terytorium Unii Europejskiej, a polityka bezpiecze\u0144stwa jest poddawana weryfikacji zgodnie z odpowiednimi najlepszymi praktykami.<\/p>\n\n\n\n<p class=\"wp-block-paragraph\"><strong>\u015aledzenie dost\u0119pu i operacji. \u015acie\u017cka audytu.&nbsp;<\/strong>Ka\u017cdy dost\u0119p do danych b\u0119dzie zapisywany w specjalnych tabelach \u015acie\u017cek. Stosowne informacje b\u0119d\u0105 zawiera\u0142y znacznik czasu dost\u0119pu, identyfikator u\u017cytkownika, kt\u00f3ry uzyska\u0142 dost\u0119p do danych; rodzaj danych, do kt\u00f3rych uzyskano dost\u0119p, u\u017cytkownika, kt\u00f3rego dane dotycz\u0105, wykonan\u0105 operacj\u0119, aplikacj\u0119, z kt\u00f3rej uzyskano dost\u0119p.<\/p>\n\n\n\n<p class=\"wp-block-paragraph\"><strong>Profilowanie, zautomatyzowany proces decyzyjny.&nbsp;<\/strong>Opr\u00f3cz tego, co jest niezb\u0119dne do umo\u017cliwienia nam wykonywania czynno\u015bci, kt\u00f3re pozwalaj\u0105 na korzystanie z us\u0142ug oferowanych na stronie internetowej, z wyj\u0105tkiem przypadk\u00f3w okre\u015blonych w naszej polityce dotycz\u0105cej plik\u00f3w cookie, nie wykonujemy operacji profilowania w odniesieniu do danych zebranych za po\u015brednictwem tej strony.<\/p>\n\n\n\n<p class=\"wp-block-paragraph\"><strong>Przekazywanie danych osobowych za granic\u0119.&nbsp;<\/strong>ABOCA nie przekazuje danych osobowych za granic\u0119 z w\u0142asnej inicjatywy. Jednak\u017ce niekt\u00f3re podmioty trzecie, dostawcy us\u0142ug, mog\u0105 mie\u0107 swoje serwery fizycznie zlokalizowane za granic\u0105 (jak w przypadku dostawc\u00f3w poczty elektronicznej). W takich przypadkach przekazywanie danych za granic\u0119 b\u0119dzie odbywa\u0142o si\u0119 wy\u0142\u0105cznie w zakresie i zgodnie z rozporz\u0105dzeniem UE 679\/2016 art. 44 i nast\u0119pne.<\/p>\n\n\n\n<p class=\"wp-block-paragraph\"><strong>VII. \u2013 Odbiorcy.<\/strong><\/p>\n\n\n\n<p class=\"wp-block-paragraph\"><strong>Podmioty przetwarzaj\u0105ce i mog\u0105ce przetwarza\u0107 dane.&nbsp;<\/strong>Wiedz\u0119 o danych osobowych, o kt\u00f3rych mowa w niniejszej informacji, mog\u0105 uzyska\u0107 Podmioty przetwarzaj\u0105ce i mog\u0105ce przetwarza\u0107 dane: w ramach ABOCA, wykwalifikowany personel, ka\u017cdy w granicach swoich kompetencji i obowi\u0105zk\u00f3w oraz na podstawie przydzielonych zada\u0144 i wydanych instrukcji; poza ABOCA., podmioty trzecie, r\u00f3wnie\u017c specjalnie wyznaczone jako Podmioty przetwarzaj\u0105ce i mog\u0105ce przetwarza\u0107 dane \u2013 z dzia\u0142alno\u015bci kt\u00f3rych ABOCA korzysta do wykonywania poszczeg\u00f3lnych us\u0142ug i wy\u0142\u0105czenie do tego celu \u2013 ka\u017cdy w granicach swoich kompetencji i obowi\u0105zk\u00f3w oraz na podstawie przydzielonych zada\u0144 i wydanych instrukcji.<\/p>\n\n\n\n<p class=\"wp-block-paragraph\"><strong>Przekazywanie danych (okre\u015blonym podmiotom zewn\u0119trznym).&nbsp;<\/strong>ABOCA, w ramach zwyk\u0142ej dzia\u0142alno\u015bci zarz\u0105dczej, ksi\u0119gowej i administracyjnej, mo\u017ce przekazywa\u0107 Pa\u0144stwa dane osobowe, po uprzednim uzyskaniu Pa\u0144stwa zgody w spos\u00f3b okre\u015blony przepisami prawa, w stosownych przypadkach, z zachowaniem \u015brodk\u00f3w bezpiecze\u0144stwa, podmiotom trzecim b\u0119d\u0105cym zewn\u0119trznymi dostawcami us\u0142ug wy\u0142\u0105cznie w celu wykonania wskazanej przez Pa\u0144stwa us\u0142ugi, np: \u2013 firmy \u015bwiadcz\u0105ce us\u0142ugi pocztowe, \u2013 kancelarie prawne i notarialne, \u2013 konsultanci, r\u00f3wnie\u017c w formie powi\u0105zanej, \u2013 inne firmy us\u0142ugowe, a tak\u017ce inne podmioty wykonuj\u0105ce zobowi\u0105zania na mocy przepis\u00f3w prawa (takie jak agencje ubezpieczeniowe, policja, organy s\u0105dowe itp.). Wykaz podmiot\u00f3w, kt\u00f3rym dane mog\u0105 by\u0107 przekazywane, dost\u0119pny jest w siedzibie Administratora danych.<\/p>\n\n\n\n<p class=\"wp-block-paragraph\"><strong>Rozpowszechnianie danych (nieokre\u015blonym podmiotom zewn\u0119trznym).&nbsp;<\/strong>Dane osobowe nie mog\u0105 by\u0107 w \u017cadnym przypadku rozpowszechniane.<\/p>\n\n\n\n<p class=\"wp-block-paragraph\"><strong>VIII. \u2013 Prawa osoby, kt\u00f3rej dane dotycz\u0105.<\/strong><\/p>\n\n\n\n<p class=\"wp-block-paragraph\">Artyku\u0142y 15-22 RODO przyznaj\u0105 osobom, kt\u00f3rych dane dotycz\u0105, okre\u015blone uprawnienia. Art. 15 RODO przyznaje osobom, kt\u00f3rych prawa dotycz\u0105, prawo dost\u0119pu do ich danych osobowych oraz uzyskania ich kopii. Prawo do uzyskania kopii danych nie mo\u017ce narusza\u0107 praw i wolno\u015bci innych os\u00f3b.<\/p>\n\n\n\n<p class=\"wp-block-paragraph\">Wraz z wnioskiem o dost\u0119p, osoba, kt\u00f3rej dane dotycz\u0105, ma prawo uzyska\u0107 od ABOCA potwierdzenie, czy jej dane osobowe s\u0105 przetwarzane, oraz pozna\u0107 cele i kategorie przetwarzanych danych, podmioty trzecie, kt\u00f3rym dane s\u0105 przekazywane oraz uzyska\u0107 informacje, czy dane s\u0105 przekazywane do pa\u0144stwa spoza UE na podstawie odpowiednich gwarancji. Osoba, kt\u00f3rej dane dotycz\u0105, ma r\u00f3wnie\u017c prawo zna\u0107 okres przechowywania swoich danych osobowych oraz ma prawo do \u017c\u0105dania poprawienia nieprawid\u0142owych danych i uzupe\u0142nienia danych niekompletnych, do anulowania (prawo do bycia zapomnianym) na warunkach wskazanych w art. 17 RODO, do ograniczenia przetwarzania, do odwo\u0142ania zgody, do przenoszenia danych oraz prawo do sprzeciwienia si\u0119, w dowolnym momencie i bez konieczno\u015bci uzasadniania, przetwarzaniu do cel\u00f3w marketingu bezpo\u015bredniego.<\/p>\n\n\n\n<p class=\"wp-block-paragraph\">Prawa te mog\u0105 by\u0107 wykonywane poprzez wys\u0142anie wiadomo\u015b\u0107 e-mail na adres Inspektora ochrony danych ABOCA lub poczt\u0105 tradycyjn\u0105 na adres wskazany poni\u017cej. Inspektor ochrony danych mo\u017ce wymaga\u0107 identyfikacji osoby, kt\u00f3rej dane dotycz\u0105, kieruj\u0105c pro\u015bb\u0119 o dostarczenie kopii jej dowodu to\u017csamo\u015bci.<\/p>\n\n\n\n<p class=\"wp-block-paragraph\">Osoba, kt\u00f3rej dane dotycz\u0105, kt\u00f3ra uwa\u017ca, ze przetwarzanie jej danych osobowych narusza postanowienia RODO lub przepisy wewn\u0119trzne dotycz\u0105ce ochrony danych osobowych, ma prawo do z\u0142o\u017cenia skargi do organu nadzorczego ds. ochrony danych osobowych z siedzib\u0105 w Rzymie, zgodnie z art. 77 RODO i\/lub do skierowania sprawy do organ\u00f3w s\u0105dowych.<\/p>\n\n\n\n<p class=\"wp-block-paragraph\">W celu skorzystania z tych praw lub uzyskania innych informacji na ich temat oraz, bardziej og\u00f3lnie, na temat przetwarzania danych osobowych, mo\u017cliwe jest sk\u0142adanie wniosk\u00f3w poczt\u0105 elektroniczn\u0105 na poni\u017cszy adres: privacy@aboca.it; \u2013 a poczt\u0105 tradycyjn\u0105 na adres Aboca S.p.A., sp\u00f3\u0142ka z siedzib\u0105 przy Loc. Aboca nr 20, \u2013 52037 \u2013 Sansepolcro (AR), W\u0142ochy.<\/p>\n\n\n\n<p class=\"wp-block-paragraph\"><strong>IX. Odwo\u0142anie zgody Pytania dotycz\u0105ce polityki prywatno\u015bci Dost\u0119p i Informacje<\/strong><\/p>\n\n\n\n<p class=\"wp-block-paragraph\">W ka\u017cdej chwili przys\u0142uguje Pa\u0144stwu prawo do odwo\u0142ania zgody na przetwarzanie danych osobowych, r\u00f3wnie\u017c poprzez specjaln\u0105 sekcj\u0119 naszej strony internetowej dost\u0119pn\u0105 pod poni\u017cszym linkiem&nbsp;<a href=\"https:\/\/www.aboca.com\/pl\/\">aboca.com\/pl\/obszar-zastrzezony\/<\/a>&nbsp;. W przypadku pyta\u0144 lub ch\u0119ci uzyskania dodatkowych informacji na temat przetwarzania danych osobowych lub skorzystania z praw przys\u0142uguj\u0105cych Pa\u0144stwu zgodnie z poprzednim punktem VI, mog\u0105 Pa\u0144stwo wys\u0142a\u0107 wiadomo\u015b\u0107 e-mail do administratora strony internetowej ABOCA na adres privacy@aboca.it. Mog\u0105 r\u00f3wnie\u017c Pa\u0144stwo skontaktowa\u0107 si\u0119 z nami pod tym samym adresem, aby uzyska\u0107 odpowiedzi dotycz\u0105ce zarz\u0105dzania informacjami przez ABOCA. Zanim ABOCA b\u0119dzie w stanie dostarczy\u0107 lub zmieni\u0107 jakiekolwiek informacje, konieczne mo\u017ce by\u0107 zweryfikowanie Pa\u0144stwa to\u017csamo\u015bci i odpowied\u017a na kilka pyta\u0144. Odpowiedzi udzielimy tak szybko, jak to mo\u017cliwe.<\/p>\n\n\n\n<p class=\"wp-block-paragraph\"><strong>X. Administrator danych.<\/strong><\/p>\n\n\n\n<p class=\"wp-block-paragraph\">Administratorem danych jest ABOCA z siedzib\u0105 przy Loc. Aboca 20, 52037, SANSEPOLCRO (AR).<\/p>\n\n\n\n<p class=\"wp-block-paragraph\"><strong>XI. Inspektor ochrony danych.<\/strong><\/p>\n\n\n\n<p class=\"wp-block-paragraph\">IOD jest Giuseppe Serafini, prawnik przy s\u0105dzie w Perugii. E-mail: dpo@aboca.it<\/p>\n\n\n\n<p class=\"wp-block-paragraph\"><strong>XII. \u2013 Podmioty przetwarzaj\u0105ce dane.<\/strong><\/p>\n\n\n\n<p class=\"wp-block-paragraph\">Pe\u0142ny wykaz Podmiot\u00f3w przetwarzaj\u0105cych dane dost\u0119pny jest w siedzibie firmy.<\/p>\n\n\n\n<p class=\"wp-block-paragraph\">Niniejsze obowi\u0105zkowe informacje podlegaj\u0105 aktualizacji, w zale\u017cno\u015bci od ewentualnych zmian w obowi\u0105zuj\u0105cych przepisach prawnych.<\/p>\n\n\n\n<p class=\"wp-block-paragraph\">REJESTRACJA:&nbsp;Zapozna\u0142em\/Zapozna\u0142am si\u0119 z polityk\u0105 prywatno\u015bci i wyra\u017cam zgod\u0119 na przetwarzanie moich danych osobowych do cel\u00f3w marketingowych<\/p>\n","protected":false},"excerpt":{"rendered":"<p>Informacje na temat ochrony danych osobowych.Art. 13 rozporz\u0105dzenia UE 2016\/679 z 27 kwietnia 2016 r. Zgodnie z tre\u015bci\u0105 art. 13 rozporz\u0105dzenia UE 2016\/679 w sprawie ochrony os\u00f3b fizycznych w zwi\u0105zku z przetwarzaniem danych osobowych i w sprawie swobodnego przep\u0142ywu takich danych (dalej \u201eRODO\u201d), ABOCA S.p.A. Societ\u00e0 Agricola (dalej \u201eABOCA\u201d) z siedzib\u0105 przy Loc. Aboca 20,<\/p>\n","protected":false},"author":4,"featured_media":93198,"parent":0,"menu_order":0,"comment_status":"closed","ping_status":"closed","template":"templates\/dynamic-institutional-level3.php","meta":{"_acf_changed":false,"inline_featured_image":false,"kk_blocks_editor_width":"","_kiokenblocks_attr":"Open Sans,Open Sans","_kiokenblocks_dimensions":"","footnotes":""},"class_list":["post-39135","page","type-page","status-publish","has-post-thumbnail","hentry"],"acf":[],"yoast_head":"<!-- This site is optimized with the Yoast SEO plugin v28.1 - https:\/\/yoast.com\/product\/yoast-seo-wordpress\/ -->\n<title>Polityka prywatno\u015bci - Aboca<\/title>\n<meta name=\"robots\" content=\"index, follow, max-snippet:-1, max-image-preview:large, max-video-preview:-1\" \/>\n<link rel=\"canonical\" href=\"https:\/\/www.aboca.com\/pl\/privacy-policy\/\" \/>\n<meta property=\"og:locale\" content=\"pl_PL\" \/>\n<meta property=\"og:type\" content=\"article\" \/>\n<meta property=\"og:title\" content=\"Polityka prywatno\u015bci - Aboca\" \/>\n<meta property=\"og:description\" content=\"Informacje na temat ochrony danych osobowych.Art. 13 rozporz\u0105dzenia UE 2016\/679 z 27 kwietnia 2016 r. Zgodnie z tre\u015bci\u0105 art. 13 rozporz\u0105dzenia UE 2016\/679 w sprawie ochrony os\u00f3b fizycznych w zwi\u0105zku z przetwarzaniem danych osobowych i w sprawie swobodnego przep\u0142ywu takich danych (dalej \u201eRODO\u201d), ABOCA S.p.A. Societ\u00e0 Agricola (dalej \u201eABOCA\u201d) z siedzib\u0105 przy Loc. Aboca 20,\" \/>\n<meta property=\"og:url\" content=\"https:\/\/www.aboca.com\/pl\/privacy-policy\/\" \/>\n<meta property=\"og:site_name\" content=\"Aboca\" \/>\n<meta property=\"article:modified_time\" content=\"2025-02-28T14:06:00+00:00\" \/>\n<meta property=\"og:image\" content=\"https:\/\/www.aboca.com\/wp-content\/uploads\/2025\/04\/villa_drone-1.jpg\" \/>\n\t<meta property=\"og:image:width\" content=\"1920\" \/>\n\t<meta property=\"og:image:height\" content=\"1080\" \/>\n\t<meta property=\"og:image:type\" content=\"image\/jpeg\" \/>\n<meta name=\"twitter:card\" content=\"summary_large_image\" \/>\n<meta name=\"twitter:label1\" content=\"Szacowany czas czytania\" \/>\n\t<meta name=\"twitter:data1\" content=\"12 minutes\" \/>\n<script type=\"application\/ld+json\" class=\"yoast-schema-graph\">{\"@context\":\"https:\\\/\\\/schema.org\",\"@graph\":[{\"@type\":\"WebPage\",\"@id\":\"https:\\\/\\\/www.aboca.com\\\/pl\\\/privacy-policy\\\/\",\"url\":\"https:\\\/\\\/www.aboca.com\\\/pl\\\/privacy-policy\\\/\",\"name\":\"Polityka prywatno\u015bci - Aboca\",\"isPartOf\":{\"@id\":\"https:\\\/\\\/www.aboca.com\\\/pl\\\/#website\"},\"primaryImageOfPage\":{\"@id\":\"https:\\\/\\\/www.aboca.com\\\/pl\\\/privacy-policy\\\/#primaryimage\"},\"image\":{\"@id\":\"https:\\\/\\\/www.aboca.com\\\/pl\\\/privacy-policy\\\/#primaryimage\"},\"thumbnailUrl\":\"https:\\\/\\\/www.aboca.com\\\/wp-content\\\/uploads\\\/2025\\\/04\\\/villa_drone-1.jpg\",\"datePublished\":\"2023-10-27T13:13:40+00:00\",\"dateModified\":\"2025-02-28T14:06:00+00:00\",\"breadcrumb\":{\"@id\":\"https:\\\/\\\/www.aboca.com\\\/pl\\\/privacy-policy\\\/#breadcrumb\"},\"inLanguage\":\"pl-PL\",\"potentialAction\":[{\"@type\":\"ReadAction\",\"target\":[\"https:\\\/\\\/www.aboca.com\\\/pl\\\/privacy-policy\\\/\"]}]},{\"@type\":\"ImageObject\",\"inLanguage\":\"pl-PL\",\"@id\":\"https:\\\/\\\/www.aboca.com\\\/pl\\\/privacy-policy\\\/#primaryimage\",\"url\":\"https:\\\/\\\/www.aboca.com\\\/wp-content\\\/uploads\\\/2025\\\/04\\\/villa_drone-1.jpg\",\"contentUrl\":\"https:\\\/\\\/www.aboca.com\\\/wp-content\\\/uploads\\\/2025\\\/04\\\/villa_drone-1.jpg\",\"width\":1920,\"height\":1080,\"caption\":\"villa_drone-1\"},{\"@type\":\"BreadcrumbList\",\"@id\":\"https:\\\/\\\/www.aboca.com\\\/pl\\\/privacy-policy\\\/#breadcrumb\",\"itemListElement\":[{\"@type\":\"ListItem\",\"position\":1,\"name\":\"Home\",\"item\":\"https:\\\/\\\/www.aboca.com\\\/pl\\\/\"},{\"@type\":\"ListItem\",\"position\":2,\"name\":\"Polityka prywatno\u015bci\"}]},{\"@type\":\"WebSite\",\"@id\":\"https:\\\/\\\/www.aboca.com\\\/pl\\\/#website\",\"url\":\"https:\\\/\\\/www.aboca.com\\\/pl\\\/\",\"name\":\"Aboca\",\"description\":\"\",\"potentialAction\":[{\"@type\":\"SearchAction\",\"target\":{\"@type\":\"EntryPoint\",\"urlTemplate\":\"https:\\\/\\\/www.aboca.com\\\/pl\\\/?s={search_term_string}\"},\"query-input\":{\"@type\":\"PropertyValueSpecification\",\"valueRequired\":true,\"valueName\":\"search_term_string\"}}],\"inLanguage\":\"pl-PL\"}]}<\/script>\n<!-- \/ Yoast SEO plugin. -->","yoast_head_json":{"title":"Polityka prywatno\u015bci - Aboca","robots":{"index":"index","follow":"follow","max-snippet":"max-snippet:-1","max-image-preview":"max-image-preview:large","max-video-preview":"max-video-preview:-1"},"canonical":"https:\/\/www.aboca.com\/pl\/privacy-policy\/","og_locale":"pl_PL","og_type":"article","og_title":"Polityka prywatno\u015bci - Aboca","og_description":"Informacje na temat ochrony danych osobowych.Art. 13 rozporz\u0105dzenia UE 2016\/679 z 27 kwietnia 2016 r. Zgodnie z tre\u015bci\u0105 art. 13 rozporz\u0105dzenia UE 2016\/679 w sprawie ochrony os\u00f3b fizycznych w zwi\u0105zku z przetwarzaniem danych osobowych i w sprawie swobodnego przep\u0142ywu takich danych (dalej \u201eRODO\u201d), ABOCA S.p.A. Societ\u00e0 Agricola (dalej \u201eABOCA\u201d) z siedzib\u0105 przy Loc. Aboca 20,","og_url":"https:\/\/www.aboca.com\/pl\/privacy-policy\/","og_site_name":"Aboca","article_modified_time":"2025-02-28T14:06:00+00:00","og_image":[{"width":1920,"height":1080,"url":"https:\/\/www.aboca.com\/wp-content\/uploads\/2025\/04\/villa_drone-1.jpg","type":"image\/jpeg"}],"twitter_card":"summary_large_image","twitter_misc":{"Szacowany czas czytania":"12 minutes"},"schema":{"@context":"https:\/\/schema.org","@graph":[{"@type":"WebPage","@id":"https:\/\/www.aboca.com\/pl\/privacy-policy\/","url":"https:\/\/www.aboca.com\/pl\/privacy-policy\/","name":"Polityka prywatno\u015bci - Aboca","isPartOf":{"@id":"https:\/\/www.aboca.com\/pl\/#website"},"primaryImageOfPage":{"@id":"https:\/\/www.aboca.com\/pl\/privacy-policy\/#primaryimage"},"image":{"@id":"https:\/\/www.aboca.com\/pl\/privacy-policy\/#primaryimage"},"thumbnailUrl":"https:\/\/www.aboca.com\/wp-content\/uploads\/2025\/04\/villa_drone-1.jpg","datePublished":"2023-10-27T13:13:40+00:00","dateModified":"2025-02-28T14:06:00+00:00","breadcrumb":{"@id":"https:\/\/www.aboca.com\/pl\/privacy-policy\/#breadcrumb"},"inLanguage":"pl-PL","potentialAction":[{"@type":"ReadAction","target":["https:\/\/www.aboca.com\/pl\/privacy-policy\/"]}]},{"@type":"ImageObject","inLanguage":"pl-PL","@id":"https:\/\/www.aboca.com\/pl\/privacy-policy\/#primaryimage","url":"https:\/\/www.aboca.com\/wp-content\/uploads\/2025\/04\/villa_drone-1.jpg","contentUrl":"https:\/\/www.aboca.com\/wp-content\/uploads\/2025\/04\/villa_drone-1.jpg","width":1920,"height":1080,"caption":"villa_drone-1"},{"@type":"BreadcrumbList","@id":"https:\/\/www.aboca.com\/pl\/privacy-policy\/#breadcrumb","itemListElement":[{"@type":"ListItem","position":1,"name":"Home","item":"https:\/\/www.aboca.com\/pl\/"},{"@type":"ListItem","position":2,"name":"Polityka prywatno\u015bci"}]},{"@type":"WebSite","@id":"https:\/\/www.aboca.com\/pl\/#website","url":"https:\/\/www.aboca.com\/pl\/","name":"Aboca","description":"","potentialAction":[{"@type":"SearchAction","target":{"@type":"EntryPoint","urlTemplate":"https:\/\/www.aboca.com\/pl\/?s={search_term_string}"},"query-input":{"@type":"PropertyValueSpecification","valueRequired":true,"valueName":"search_term_string"}}],"inLanguage":"pl-PL"}]}},"_links":{"self":[{"href":"https:\/\/www.aboca.com\/pl\/wp-json\/wp\/v2\/pages\/39135","targetHints":{"allow":["GET"]}}],"collection":[{"href":"https:\/\/www.aboca.com\/pl\/wp-json\/wp\/v2\/pages"}],"about":[{"href":"https:\/\/www.aboca.com\/pl\/wp-json\/wp\/v2\/types\/page"}],"author":[{"embeddable":true,"href":"https:\/\/www.aboca.com\/pl\/wp-json\/wp\/v2\/users\/4"}],"replies":[{"embeddable":true,"href":"https:\/\/www.aboca.com\/pl\/wp-json\/wp\/v2\/comments?post=39135"}],"version-history":[{"count":5,"href":"https:\/\/www.aboca.com\/pl\/wp-json\/wp\/v2\/pages\/39135\/revisions"}],"predecessor-version":[{"id":90235,"href":"https:\/\/www.aboca.com\/pl\/wp-json\/wp\/v2\/pages\/39135\/revisions\/90235"}],"wp:featuredmedia":[{"embeddable":true,"href":"https:\/\/www.aboca.com\/pl\/wp-json\/wp\/v2\/media\/93198"}],"wp:attachment":[{"href":"https:\/\/www.aboca.com\/pl\/wp-json\/wp\/v2\/media?parent=39135"}],"curies":[{"name":"wp","href":"https:\/\/api.w.org\/{rel}","templated":true}]}}